{"id":9512,"date":"2022-04-25T22:24:05","date_gmt":"2022-04-25T20:24:05","guid":{"rendered":"https:\/\/www.handball-ulm.de\/?page_id=9512"},"modified":"2022-04-25T22:24:07","modified_gmt":"2022-04-25T20:24:07","slug":"aus-dem-sg-leben-2022-2023","status":"publish","type":"page","link":"https:\/\/www.handball-ulm.de\/?page_id=9512","title":{"rendered":"Aus dem SG-Leben 2022\/2023"},"content":{"rendered":"\n<article class=\"post\">\r\n    <div class=\"post-12693 post type-post status-publish format-standard has-post-thumbnail hentry category-aus-dem-sg-leben-22-23 category-maenner-1 category-startseite\"  id=\"post-12693\">\r\n      \r\n    <figure>\r\n        <a href=\"https:\/\/www.handball-ulm.de\/?p=12693\">\r\n            <img loading=\"lazy\" decoding=\"async\" width=\"964\" height=\"428\" src=\"https:\/\/www.handball-ulm.de\/wp-content\/uploads\/2023\/04\/6H0A9125-1-964x428.jpg\" class=\"attachment-sporty-blog-image size-sporty-blog-image wp-post-image\" alt=\"\" \/>        <\/a>\r\n    <\/figure>\r\n            <div class=\"postbox\">  \r\n            <h3>\r\n                <a href=\"https:\/\/www.handball-ulm.de\/?p=12693\">M\u00e4nner1 &#8211; gegen Hohenems<\/a>\r\n            <\/h3>\r\n        <div class=\"date-without-thumb\">22. April 2023<\/div> \r\n        <p>Deutliche Niederlage gegen den Aufsteiger<\/p>\n<br\/><br\/><a class=\"read-more\" href=\"https:\/\/www.handball-ulm.de\/?p=12693\"> Mehr lesen...<\/a>        <\/div>    \r\n    <\/div>\r\n<\/article>\r\n<article class=\"post\">\r\n    <div class=\"post-12688 post type-post status-publish format-standard hentry category-aus-dem-sg-leben-22-23 category-miniminis-oststadt category-miniminis-weststadt category-miniminis-wiblingen category-minis-oststadt category-minis-weststadt-1 category-minis-wiblingen category-startseite\"  id=\"post-12688\">\r\n            <div class=\"postbox\">  \r\n            <h3>\r\n                <a href=\"https:\/\/www.handball-ulm.de\/?p=12688\">Ein neuer Jugendleiter beginnt seine Arbeit<\/a>\r\n            <\/h3>\r\n        <div class=\"date-without-thumb\">17. April 2023<\/div> \r\n        <p>Verst\u00e4rkung in der Jugendleitung<\/p>\n<br\/><br\/><a class=\"read-more\" href=\"https:\/\/www.handball-ulm.de\/?p=12688\"> Mehr lesen...<\/a>        <\/div>    \r\n    <\/div>\r\n<\/article>\r\n<article class=\"post\">\r\n    <div class=\"post-12691 post type-post status-publish format-standard hentry category-aus-dem-sg-leben-22-23 category-maenner-1 category-startseite\"  id=\"post-12691\">\r\n            <div class=\"postbox\">  \r\n            <h3>\r\n                <a href=\"https:\/\/www.handball-ulm.de\/?p=12691\">M\u00e4nner1 &#8211; Spielbericht gegen BW Feldkirch<\/a>\r\n            <\/h3>\r\n        <div class=\"date-without-thumb\">15. April 2023<\/div> \r\n        <p>Am Samstag, dem 15.04.2023 ging es f\u00fcr die Ulmer Herren 1 ein letztes Mal zum Ausw\u00e4rtsspiel. Und das auch noch bis ans letzte Eck des Bezirkes, n\u00e4mlich nach Feldkirch.20:00 Uhr Anpfiff. Noch zu Beginn konnten unsere Ulmer gut mit der Heimmannschaft mithalten. Doch nach und nach gerieten die Herren immer weiter in R\u00fcckstand.Selbst zur zweiten [&hellip;]<\/p>\n<br\/><br\/><a class=\"read-more\" href=\"https:\/\/www.handball-ulm.de\/?p=12691\"> Mehr lesen...<\/a>        <\/div>    \r\n    <\/div>\r\n<\/article>\r\n<article class=\"post\">\r\n    <div class=\"post-12642 post type-post status-publish format-standard hentry category-aus-dem-sg-leben-22-23 category-maenner-1 category-startseite\"  id=\"post-12642\">\r\n            <div class=\"postbox\">  \r\n            <h3>\r\n                <a href=\"https:\/\/www.handball-ulm.de\/?p=12642\">M\u00e4nner1 &#8211; Spielbericht gegen HSG Langenargen-Tettnang<\/a>\r\n            <\/h3>\r\n        <div class=\"date-without-thumb\">15. April 2023<\/div> \r\n        <p>April. April &#8211; 2 Punkte sind nicht zu viel<\/p>\n<br\/><br\/><a class=\"read-more\" href=\"https:\/\/www.handball-ulm.de\/?p=12642\"> Mehr lesen...<\/a>        <\/div>    \r\n    <\/div>\r\n<\/article>\r\n<article class=\"post\">\r\n    <div class=\"post-12702 post type-post status-publish format-standard has-post-thumbnail hentry category-aus-dem-sg-leben-22-23 category-gemischt-d1 category-startseite\"  id=\"post-12702\">\r\n      \r\n    <figure>\r\n        <a href=\"https:\/\/www.handball-ulm.de\/?p=12702\">\r\n            <img loading=\"lazy\" decoding=\"async\" width=\"964\" height=\"428\" src=\"https:\/\/www.handball-ulm.de\/wp-content\/uploads\/2023\/04\/gd3-964x428.jpg\" class=\"attachment-sporty-blog-image size-sporty-blog-image wp-post-image\" alt=\"\" \/>        <\/a>\r\n    <\/figure>\r\n            <div class=\"postbox\">  \r\n            <h3>\r\n                <a href=\"https:\/\/www.handball-ulm.de\/?p=12702\">Gemischte D-Jugend &#8211; So sehen Meister aus \ud83e\udd29<\/a>\r\n            <\/h3>\r\n        <div class=\"date-without-thumb\">2. April 2023<\/div> \r\n        <p>Meister der Bezirksliga<\/p>\n<br\/><br\/><a class=\"read-more\" href=\"https:\/\/www.handball-ulm.de\/?p=12702\"> Mehr lesen...<\/a>        <\/div>    \r\n    <\/div>\r\n<\/article>\r\n<article class=\"post\">\r\n    <div class=\"post-12526 post type-post status-publish format-standard hentry category-allgemein category-aus-dem-sg-leben-22-23 category-maenner-1 category-startseite\"  id=\"post-12526\">\r\n            <div class=\"postbox\">  \r\n            <h3>\r\n                <a href=\"https:\/\/www.handball-ulm.de\/?p=12526\">M\u00e4nner 1 &#8211; Spielbericht gegen HSG Langenau\/Elchingen<\/a>\r\n            <\/h3>\r\n        <div class=\"date-without-thumb\">25. M\u00e4rz 2023<\/div> \r\n        <p>Schnelles Spiel und gut gef\u00fcllte Halle<\/p>\n<br\/><br\/><a class=\"read-more\" href=\"https:\/\/www.handball-ulm.de\/?p=12526\"> Mehr lesen...<\/a>        <\/div>    \r\n    <\/div>\r\n<\/article>\r\n<article class=\"post\">\r\n    <div class=\"post-12495 post type-post status-publish format-standard has-post-thumbnail hentry category-allgemein category-aus-dem-sg-leben-22-23 category-gemischt-d1 category-startseite\"  id=\"post-12495\">\r\n      \r\n    <figure>\r\n        <a href=\"https:\/\/www.handball-ulm.de\/?p=12495\">\r\n            <img loading=\"lazy\" decoding=\"async\" width=\"964\" height=\"428\" src=\"https:\/\/www.handball-ulm.de\/wp-content\/uploads\/2023\/03\/P3250502-964x428.jpg\" class=\"attachment-sporty-blog-image size-sporty-blog-image wp-post-image\" alt=\"\" \/>        <\/a>\r\n    <\/figure>\r\n            <div class=\"postbox\">  \r\n            <h3>\r\n                <a href=\"https:\/\/www.handball-ulm.de\/?p=12495\">Auf dem Weg zum Titel?<\/a>\r\n            <\/h3>\r\n        <div class=\"date-without-thumb\">25. M\u00e4rz 2023<\/div> \r\n        <p>Ein harter Schlagabtausch<\/p>\n<br\/><br\/><a class=\"read-more\" href=\"https:\/\/www.handball-ulm.de\/?p=12495\"> Mehr lesen...<\/a>        <\/div>    \r\n    <\/div>\r\n<\/article>\r\n<article class=\"post\">\r\n    <div class=\"post-11790 post type-post status-publish format-standard has-post-thumbnail hentry category-aktuelles-foerderverein category-aus-dem-sg-leben-22-23 category-spielgemeinschaft category-startseite\"  id=\"post-11790\">\r\n      \r\n    <figure>\r\n        <a href=\"https:\/\/www.handball-ulm.de\/?p=11790\">\r\n            <img loading=\"lazy\" decoding=\"async\" width=\"964\" height=\"428\" src=\"https:\/\/www.handball-ulm.de\/wp-content\/uploads\/2023\/01\/Screenshot-433-964x428.png\" class=\"attachment-sporty-blog-image size-sporty-blog-image wp-post-image\" alt=\"\" \/>        <\/a>\r\n    <\/figure>\r\n            <div class=\"postbox\">  \r\n            <h3>\r\n                <a href=\"https:\/\/www.handball-ulm.de\/?p=11790\">DER F\u00d6RDERVEREIN PR\u00c4SENTIERT<\/a>\r\n            <\/h3>\r\n        <div class=\"date-without-thumb\">24. M\u00e4rz 2023<\/div> \r\n        <p>weitere Infos folgen<\/p>\n<br\/><br\/><a class=\"read-more\" href=\"https:\/\/www.handball-ulm.de\/?p=11790\"> Mehr lesen...<\/a>        <\/div>    \r\n    <\/div>\r\n<\/article>\r\n<!-- VIEW ALL BUTTON -->\r\n<div class=\"blogpager\">\r\n    <div class=\"previous\">\r\n        <a href=\"https:\/\/www.handball-ulm.de\/?cat=80\">Alle<\/a>\r\n    <\/div>\r\n<\/div>\r\n\n","protected":false},"excerpt":{"rendered":"<br\/><br\/><a class=\"read-more\" href=\"https:\/\/www.handball-ulm.de\/?p=11790\"> Mehr lesen...<\/a>","protected":false},"author":1,"featured_media":0,"parent":0,"menu_order":0,"comment_status":"closed","ping_status":"closed","template":"","meta":{"ngg_post_thumbnail":0,"footnotes":""},"_links":{"self":[{"href":"https:\/\/www.handball-ulm.de\/index.php?rest_route=\/wp\/v2\/pages\/9512"}],"collection":[{"href":"https:\/\/www.handball-ulm.de\/index.php?rest_route=\/wp\/v2\/pages"}],"about":[{"href":"https:\/\/www.handball-ulm.de\/index.php?rest_route=\/wp\/v2\/types\/page"}],"author":[{"embeddable":true,"href":"https:\/\/www.handball-ulm.de\/index.php?rest_route=\/wp\/v2\/users\/1"}],"replies":[{"embeddable":true,"href":"https:\/\/www.handball-ulm.de\/index.php?rest_route=%2Fwp%2Fv2%2Fcomments&post=9512"}],"version-history":[{"count":2,"href":"https:\/\/www.handball-ulm.de\/index.php?rest_route=\/wp\/v2\/pages\/9512\/revisions"}],"predecessor-version":[{"id":9514,"href":"https:\/\/www.handball-ulm.de\/index.php?rest_route=\/wp\/v2\/pages\/9512\/revisions\/9514"}],"wp:attachment":[{"href":"https:\/\/www.handball-ulm.de\/index.php?rest_route=%2Fwp%2Fv2%2Fmedia&parent=9512"}],"curies":[{"name":"wp","href":"https:\/\/api.w.org\/{rel}","templated":true}]}}