{"id":5412,"date":"2021-02-16T21:58:18","date_gmt":"2021-02-16T20:58:18","guid":{"rendered":"https:\/\/www.handball-ulm.de\/?page_id=5412"},"modified":"2023-07-29T15:02:06","modified_gmt":"2023-07-29T13:02:06","slug":"gaenswiesturnier-2021","status":"publish","type":"page","link":"https:\/\/www.handball-ulm.de\/?page_id=5412","title":{"rendered":"G\u00e4nswiescup 2023"},"content":{"rendered":"\n<p>Samstag, 22.07.2023 11:00 Uhr Anpfiff des 2. G\u00e4nswiescups im Rahmen des SSV Schw\u00f6rsporttages<\/p>\n\n\n\n<p>Zu Gast sind 30 Mannschaften von den Minis bis zur A-Jugend. Gespielt wird auf drei Spielfelder, die am Vorabend von Ralf und seiner m\u00e4nnlichen A-Jugend hervorragend gezogen wurden Und von Wolfgang und seinen Mannen mit Toren versehen wurden.<br>Parallel zu den Spielen gibt es eine Handballstation mit einem Geschicklichkeitsparcours, bei dem nat\u00fcrlich des Werfen im Vordergrund steht. Lena, Pauline, Sonja und JuliaP bespa\u00dfen unwahrscheinlich viele Kinder. Die Warteschlange ist lang. Als Gewinn gibt es ein tolles Tattoo und den begehrten Stempel f\u00fcr die Laufkarte des SSV.<br>Viele Kinder k\u00f6nnen richtig gut werfen, ihre Eltern sind begeistert, dass es Handball schon f\u00fcr Kinder ab drei Jahre gibt.<\/p>\n\n\n\n<p>Minis<br>Die Minitrainer waren am Anfang etwas unsicher, ob alles klappt und die Kleinsten wirklich schon Handball spielen k\u00f6nnen, aber die Regie hat perfekt, wenn auch etwas leise agiert. Alle Kinder wollten unbedingt ins Tor und Luca war f\u00fcr sein Alter schon richtig stark auf dem Handballfeld unterwegs. Alle zeigten sich von ihrer besten Seite.<br>Am besten kam die Handball-Station bei den Mini-Kindern an. Die Tattoos waren der Renner.<br>Alle Kinder waren gut gelaunt. Das tolle Wetter machte den Spa\u00df vollkommen. Es freuen sich alle schon auf n\u00e4chstes Jahr.<\/p>\n\n\n\n<div class=\"wp-block-group\"><div class=\"wp-block-group__inner-container is-layout-flow wp-block-group-is-layout-flow\">\n<div class=\"wp-block-group\"><div class=\"wp-block-group__inner-container is-layout-flow wp-block-group-is-layout-flow\">\n<figure class=\"wp-block-image size-large is-resized\"><img loading=\"lazy\" decoding=\"async\" src=\"https:\/\/www.handball-ulm.de\/wp-content\/uploads\/2023\/07\/6H0A0852-622x1024.jpg\" alt=\"\" class=\"wp-image-13394\" width=\"156\" height=\"256\" srcset=\"https:\/\/www.handball-ulm.de\/wp-content\/uploads\/2023\/07\/6H0A0852-622x1024.jpg 622w, https:\/\/www.handball-ulm.de\/wp-content\/uploads\/2023\/07\/6H0A0852-182x300.jpg 182w, https:\/\/www.handball-ulm.de\/wp-content\/uploads\/2023\/07\/6H0A0852-768x1264.jpg 768w, https:\/\/www.handball-ulm.de\/wp-content\/uploads\/2023\/07\/6H0A0852.jpg 927w\" sizes=\"(max-width: 156px) 100vw, 156px\" \/><\/figure>\n<\/div><\/div>\n<\/div><\/div>\n\n\n\n<figure class=\"wp-block-image size-large is-resized\"><img loading=\"lazy\" decoding=\"async\" src=\"https:\/\/www.handball-ulm.de\/wp-content\/uploads\/2023\/07\/6H0A0819-1024x683.jpg\" alt=\"\" class=\"wp-image-13395\" width=\"512\" height=\"342\" srcset=\"https:\/\/www.handball-ulm.de\/wp-content\/uploads\/2023\/07\/6H0A0819-1024x683.jpg 1024w, https:\/\/www.handball-ulm.de\/wp-content\/uploads\/2023\/07\/6H0A0819-300x200.jpg 300w, https:\/\/www.handball-ulm.de\/wp-content\/uploads\/2023\/07\/6H0A0819-768x512.jpg 768w, https:\/\/www.handball-ulm.de\/wp-content\/uploads\/2023\/07\/6H0A0819-600x400.jpg 600w, https:\/\/www.handball-ulm.de\/wp-content\/uploads\/2023\/07\/6H0A0819-1536x1025.jpg 1536w, https:\/\/www.handball-ulm.de\/wp-content\/uploads\/2023\/07\/6H0A0819-1170x781.jpg 1170w, https:\/\/www.handball-ulm.de\/wp-content\/uploads\/2023\/07\/6H0A0819.jpg 1920w\" sizes=\"(max-width: 512px) 100vw, 512px\" \/><\/figure>\n\n\n\n<p>Die F-Jugend<\/p>\n\n\n\n<p>Der Eindruck der E-Jugend<br>Zum dritten Mal in diesem Monat begibt sich unsere E-Jugend Ulm auf ein Rasenturnier. Nach dem <a href=\"http:\/\/2.Sylvia\">2.Sylvia<\/a>-Teichmann Cup und den Brenzer Handballtagen haben wir nun wieder die Chance zu zeigen, was in uns steckt, schlie\u00dflich soll sich das Training auszahlen.<br>Um 11:00 war Anpfiff des ersten Spiels und &#8230; Unsere Ulmer konnten mit einem Auftaktsieg ins Turnier starten. Spiel f\u00fcr Spiel konnte sich unsere Ulmer E-Jugend vorarbeiten und schlussendlich den ersten Platz belegen. Wir, die E-Jugend Ulm, freuen uns bereits jetzt schon, den Pokal n\u00e4chstes Jahr verteidigen zu d\u00fcrfen. Wir haben uns sehr lange auf dieses Turnier gefreut und unsere Erwartungen wurden erf\u00fcllt. Nun hei\u00dft es aber erstmal die Sommerferien genie\u00dfen, Beine hochlegen und ausspannen.<br>Auch die E-M\u00e4dchen und die Wiblinger E-Jugend schlugen sich wacker und teilten sich am Ende den 4.Platz. Die Kinder nutzten die Gelegenheit, die Attraktionen der anderen Abteilungen auszuprobieren.<\/p>\n\n\n\n<p>Bei der D-Jugend<br>Trotz des kurzfristig krankheitsbedingten Ausfalls von Eve und Xenia und Luna, die beim Bezirksturnier war, ging es f\u00fcr die weibliche D-Jugend bei der gemischten D an den Start. Nach der Auftaktniederlage gegen V\u00f6hringen &#8211; dem sp\u00e4teren Turnierzweiten &#8211; konnten die M\u00e4dels nun zwei Siege einfahren. Die Platzierung wurde im Anschluss mit einem Eis gefeiert. Alle Kinder bis auf eins m\u00f6gen Magnum Mandel.<\/p>\n\n\n\n<p>M\u00e4nnliche C-Jugend<br>Die Ulmer C-Jugend hatte leider nur zwei Gegner. Deshalb entschloss sich die Turnierleitung, die Jungs je ein Hin- und R\u00fcckspiel spielen zu lassen. War das erste Spiel gegen Saulgau mit drei Toren ein doch recht knapper Sieg, so fielen die anderen drei Spiele sehr deutlich aus. Alle Jungs kamen auf reichlich Spielzeit und beknieten die Trainer, im letzten Spiel Annika aus der wJC mitspielen zu lassen. Sie zeigte den Jungs dann, wie man Abwehr spielt und Tore macht. Alle hatten gro\u00dfen Spa\u00df am Turnier. Im Spiel Saulgau gegen Burlafingen\/Stra\u00df war es dann sogar richtig spannend und am Ende gingen die Jungs mit einem Remis vom Platz. Die Arbeitskollegen eines Spielervaters, die zum Teil von Brenz und Burlafingen waren, waren vom Turnier begeistert und den Kindern hat es auch sehr gut gefallen. Das lag sicherlich auch am ganzen Rahmenprogramm, das von den Abteilungen des SSV auf die Beine gestellt wurde.<\/p>\n\n\n\n<p>A- und B-Jugend m\u00e4nnlich<br>F\u00fcr die B-Jugend kamen mit Brenz und Burlafingen\/Stra\u00df leider auch nur zwei und f\u00fcr die A-Jugend nur Brenz als einziger Gegner. Deshalb probierte die Turnierleitung etwas Neues und lie\u00df A und B in einer Staffel spielen. Damit war klar, dass hier die Freude am gemeinsamen Handballspiel im Vordergrund steht. Das Experiment gelang. Es hat allen Spa\u00df gemacht. Lustig war, gegen die eigene B zu spielen. Das Gel\u00e4nde war toll und der Rasen super gepflegt. Die Schiri waren auch gut.<\/p>\n\n\n\n<figure class=\"wp-block-image size-large\"><img loading=\"lazy\" decoding=\"async\" width=\"1024\" height=\"683\" src=\"https:\/\/www.handball-ulm.de\/wp-content\/uploads\/2023\/07\/6H0A1066-1024x683.jpg\" alt=\"\" class=\"wp-image-13393\" srcset=\"https:\/\/www.handball-ulm.de\/wp-content\/uploads\/2023\/07\/6H0A1066-1024x683.jpg 1024w, https:\/\/www.handball-ulm.de\/wp-content\/uploads\/2023\/07\/6H0A1066-300x200.jpg 300w, https:\/\/www.handball-ulm.de\/wp-content\/uploads\/2023\/07\/6H0A1066-768x512.jpg 768w, https:\/\/www.handball-ulm.de\/wp-content\/uploads\/2023\/07\/6H0A1066-600x400.jpg 600w, https:\/\/www.handball-ulm.de\/wp-content\/uploads\/2023\/07\/6H0A1066-1536x1025.jpg 1536w, https:\/\/www.handball-ulm.de\/wp-content\/uploads\/2023\/07\/6H0A1066-1170x781.jpg 1170w, https:\/\/www.handball-ulm.de\/wp-content\/uploads\/2023\/07\/6H0A1066.jpg 1920w\" sizes=\"(max-width: 1024px) 100vw, 1024px\" \/><\/figure>\n\n\n\n<p>Am Sonntag bzw. Dienstag r\u00fcckten dann die Tortransporteure wieder an und brachten alle Tore an ihren eigentlichen Bestimmungsort. Vielen lieben Dank an Wolfgang, Uwe, Jonathan, Jan, Niklas, Linus, Manu, Oli, Johannes. Ohne euch g\u00e4be es solch Events nicht.<\/p>\n\n\n\n<p>Wir danken au\u00dferdem allen ca. 25 Schiedsrichtern und Gl\u00fcckw\u00fcnsche zum Bestehen des Kinderhandballspielleiters und Danke an Osman f\u00fcr die Orga der Schiri und f\u00fcr das Abnehmen der Pr\u00fcfung.<\/p>\n\n\n\n<p>Einen Dank auch an den SSV Ulm 1846 f\u00fcr die grandiose Idee und Umsetzung eines Schw\u00f6rsporttages. Es ist der richtige Zeitpunkt und die richtige Location f\u00fcr ein solches Event.<\/p>\n\n\n\n<figure class=\"wp-block-image size-large\"><img loading=\"lazy\" decoding=\"async\" width=\"1024\" height=\"683\" src=\"https:\/\/www.handball-ulm.de\/wp-content\/uploads\/2023\/07\/6H0A0763-1024x683.jpg\" alt=\"\" class=\"wp-image-13392\" srcset=\"https:\/\/www.handball-ulm.de\/wp-content\/uploads\/2023\/07\/6H0A0763-1024x683.jpg 1024w, https:\/\/www.handball-ulm.de\/wp-content\/uploads\/2023\/07\/6H0A0763-300x200.jpg 300w, https:\/\/www.handball-ulm.de\/wp-content\/uploads\/2023\/07\/6H0A0763-768x512.jpg 768w, https:\/\/www.handball-ulm.de\/wp-content\/uploads\/2023\/07\/6H0A0763-600x400.jpg 600w, https:\/\/www.handball-ulm.de\/wp-content\/uploads\/2023\/07\/6H0A0763-1536x1025.jpg 1536w, https:\/\/www.handball-ulm.de\/wp-content\/uploads\/2023\/07\/6H0A0763-1170x781.jpg 1170w, https:\/\/www.handball-ulm.de\/wp-content\/uploads\/2023\/07\/6H0A0763.jpg 1920w\" sizes=\"(max-width: 1024px) 100vw, 1024px\" \/><\/figure>\n\n\n\n<figure class=\"wp-block-gallery columns-1 is-cropped wp-block-gallery-1 is-layout-flex wp-block-gallery-is-layout-flex\"><ul class=\"blocks-gallery-grid\"><li class=\"blocks-gallery-item\"><figure><img loading=\"lazy\" decoding=\"async\" width=\"972\" height=\"787\" src=\"https:\/\/www.handball-ulm.de\/wp-content\/uploads\/2023\/07\/Screenshot-476.png\" alt=\"\" data-id=\"13386\" data-full-url=\"https:\/\/www.handball-ulm.de\/wp-content\/uploads\/2023\/07\/Screenshot-476.png\" data-link=\"https:\/\/www.handball-ulm.de\/?attachment_id=13386\" class=\"wp-image-13386\" srcset=\"https:\/\/www.handball-ulm.de\/wp-content\/uploads\/2023\/07\/Screenshot-476.png 972w, https:\/\/www.handball-ulm.de\/wp-content\/uploads\/2023\/07\/Screenshot-476-300x243.png 300w, https:\/\/www.handball-ulm.de\/wp-content\/uploads\/2023\/07\/Screenshot-476-768x622.png 768w\" sizes=\"(max-width: 972px) 100vw, 972px\" \/><\/figure><\/li><li class=\"blocks-gallery-item\"><figure><img loading=\"lazy\" decoding=\"async\" width=\"573\" height=\"734\" src=\"https:\/\/www.handball-ulm.de\/wp-content\/uploads\/2023\/07\/Screenshot-478.png\" alt=\"\" data-id=\"13387\" data-full-url=\"https:\/\/www.handball-ulm.de\/wp-content\/uploads\/2023\/07\/Screenshot-478.png\" data-link=\"https:\/\/www.handball-ulm.de\/?attachment_id=13387\" class=\"wp-image-13387\" srcset=\"https:\/\/www.handball-ulm.de\/wp-content\/uploads\/2023\/07\/Screenshot-478.png 573w, https:\/\/www.handball-ulm.de\/wp-content\/uploads\/2023\/07\/Screenshot-478-234x300.png 234w\" sizes=\"(max-width: 573px) 100vw, 573px\" \/><\/figure><\/li><li class=\"blocks-gallery-item\"><figure><img loading=\"lazy\" decoding=\"async\" width=\"573\" height=\"743\" src=\"https:\/\/www.handball-ulm.de\/wp-content\/uploads\/2023\/07\/Screenshot-477.png\" alt=\"\" data-id=\"13388\" data-full-url=\"https:\/\/www.handball-ulm.de\/wp-content\/uploads\/2023\/07\/Screenshot-477.png\" data-link=\"https:\/\/www.handball-ulm.de\/?attachment_id=13388\" class=\"wp-image-13388\" srcset=\"https:\/\/www.handball-ulm.de\/wp-content\/uploads\/2023\/07\/Screenshot-477.png 573w, https:\/\/www.handball-ulm.de\/wp-content\/uploads\/2023\/07\/Screenshot-477-231x300.png 231w\" sizes=\"(max-width: 573px) 100vw, 573px\" \/><\/figure><\/li><\/ul><\/figure>\n\n\n\n<figure class=\"wp-block-image size-large\"><img loading=\"lazy\" decoding=\"async\" width=\"724\" height=\"1024\" src=\"https:\/\/www.handball-ulm.de\/wp-content\/uploads\/2023\/04\/ssv-tag-724x1024.jpg\" alt=\"\" class=\"wp-image-12576\" srcset=\"https:\/\/www.handball-ulm.de\/wp-content\/uploads\/2023\/04\/ssv-tag-724x1024.jpg 724w, https:\/\/www.handball-ulm.de\/wp-content\/uploads\/2023\/04\/ssv-tag-212x300.jpg 212w, https:\/\/www.handball-ulm.de\/wp-content\/uploads\/2023\/04\/ssv-tag-768x1086.jpg 768w, https:\/\/www.handball-ulm.de\/wp-content\/uploads\/2023\/04\/ssv-tag-1086x1536.jpg 1086w, https:\/\/www.handball-ulm.de\/wp-content\/uploads\/2023\/04\/ssv-tag-1448x2048.jpg 1448w, https:\/\/www.handball-ulm.de\/wp-content\/uploads\/2023\/04\/ssv-tag-1170x1655.jpg 1170w, https:\/\/www.handball-ulm.de\/wp-content\/uploads\/2023\/04\/ssv-tag.jpg 1754w\" sizes=\"(max-width: 724px) 100vw, 724px\" \/><\/figure>\n","protected":false},"excerpt":{"rendered":"<p>Samstag, 22.07.2023 11:00 Uhr Anpfiff des 2. G\u00e4nswiescups im Rahmen des SSV Schw\u00f6rsporttages Zu Gast sind 30 Mannschaften von den Minis bis zur A-Jugend. Gespielt wird auf drei Spielfelder, die am Vorabend von Ralf und seiner m\u00e4nnlichen A-Jugend hervorragend gezogen wurden Und von Wolfgang und seinen Mannen mit Toren versehen wurden.Parallel zu den Spielen gibt [&hellip;]<\/p>\n<br\/><br\/><a class=\"read-more\" href=\"https:\/\/www.handball-ulm.de\/?page_id=5412\"> Mehr lesen...<\/a>","protected":false},"author":1,"featured_media":0,"parent":0,"menu_order":0,"comment_status":"closed","ping_status":"closed","template":"","meta":{"ngg_post_thumbnail":0,"footnotes":""},"_links":{"self":[{"href":"https:\/\/www.handball-ulm.de\/index.php?rest_route=\/wp\/v2\/pages\/5412"}],"collection":[{"href":"https:\/\/www.handball-ulm.de\/index.php?rest_route=\/wp\/v2\/pages"}],"about":[{"href":"https:\/\/www.handball-ulm.de\/index.php?rest_route=\/wp\/v2\/types\/page"}],"author":[{"embeddable":true,"href":"https:\/\/www.handball-ulm.de\/index.php?rest_route=\/wp\/v2\/users\/1"}],"replies":[{"embeddable":true,"href":"https:\/\/www.handball-ulm.de\/index.php?rest_route=%2Fwp%2Fv2%2Fcomments&post=5412"}],"version-history":[{"count":10,"href":"https:\/\/www.handball-ulm.de\/index.php?rest_route=\/wp\/v2\/pages\/5412\/revisions"}],"predecessor-version":[{"id":13398,"href":"https:\/\/www.handball-ulm.de\/index.php?rest_route=\/wp\/v2\/pages\/5412\/revisions\/13398"}],"wp:attachment":[{"href":"https:\/\/www.handball-ulm.de\/index.php?rest_route=%2Fwp%2Fv2%2Fmedia&parent=5412"}],"curies":[{"name":"wp","href":"https:\/\/api.w.org\/{rel}","templated":true}]}}