{"id":3752,"date":"2020-05-02T20:46:17","date_gmt":"2020-05-02T18:46:17","guid":{"rendered":"https:\/\/www.handball-ulm.de\/?page_id=3752"},"modified":"2020-09-09T21:38:24","modified_gmt":"2020-09-09T19:38:24","slug":"2019-2020","status":"publish","type":"page","link":"https:\/\/www.handball-ulm.de\/?page_id=3752","title":{"rendered":"Aus dem SG-Leben 2019\/2020"},"content":{"rendered":"\n<article class=\"post\">\r\n    <div class=\"post-3610 post type-post status-publish format-standard has-post-thumbnail hentry category-aus-dem-sg-leben-19-20 category-spielgemeinschaft category-startseite\"  id=\"post-3610\">\r\n      \r\n    <figure>\r\n        <a href=\"https:\/\/www.handball-ulm.de\/?p=3610\">\r\n            <img loading=\"lazy\" decoding=\"async\" width=\"964\" height=\"428\" src=\"https:\/\/www.handball-ulm.de\/wp-content\/uploads\/2020\/04\/Masken-964x428.jpeg\" class=\"attachment-sporty-blog-image size-sporty-blog-image wp-post-image\" alt=\"\" \/>        <\/a>\r\n    <\/figure>\r\n            <div class=\"postbox\">  \r\n            <h3>\r\n                <a href=\"https:\/\/www.handball-ulm.de\/?p=3610\">Maskenpflicht gegen Corona<\/a>\r\n            <\/h3>\r\n        <div class=\"date-without-thumb\">27. April 2020<\/div> \r\n        <p>Maskenpflicht Ab Montag, 27.04.2020 gilt die Maskenpflicht in allen Bundesl\u00e4ndern. Wir halten zusammen mit unserem SG Ulm &amp; Wiblingen Mundschutz gegen 6 Euro. Der Erl\u00f6s geht an unser Orgateam von Lund. @Lundaspelen. 2021 wollen wir wieder mit vielen Mannschaften nach Schweden fahren. Bei Interesse an Masken bitte unter handballcamp@sgulm.de schreiben. Haltet durch und bleibt gesund!<\/p>\n<br\/><br\/><a class=\"read-more\" href=\"https:\/\/www.handball-ulm.de\/?p=3610\"> Mehr lesen...<\/a>        <\/div>    \r\n    <\/div>\r\n<\/article>\r\n<article class=\"post\">\r\n    <div class=\"post-3601 post type-post status-publish format-standard has-post-thumbnail hentry category-allgemein category-aus-dem-sg-leben-19-20 category-spielgemeinschaft category-startseite\"  id=\"post-3601\">\r\n      \r\n    <figure>\r\n        <a href=\"https:\/\/www.handball-ulm.de\/?p=3601\">\r\n            <img loading=\"lazy\" decoding=\"async\" width=\"494\" height=\"338\" src=\"https:\/\/www.handball-ulm.de\/wp-content\/uploads\/2020\/04\/Ballgef\u00fchl_Mom3ent.jpg\" class=\"attachment-sporty-blog-image size-sporty-blog-image wp-post-image\" alt=\"\" srcset=\"https:\/\/www.handball-ulm.de\/wp-content\/uploads\/2020\/04\/Ballgef\u00fchl_Mom3ent.jpg 494w, https:\/\/www.handball-ulm.de\/wp-content\/uploads\/2020\/04\/Ballgef\u00fchl_Mom3ent-300x205.jpg 300w\" sizes=\"(max-width: 494px) 100vw, 494px\" \/>        <\/a>\r\n    <\/figure>\r\n            <div class=\"postbox\">  \r\n            <h3>\r\n                <a href=\"https:\/\/www.handball-ulm.de\/?p=3601\">Wann d\u00fcrfen wir endlich wieder in die Halle?   Tag 43 &#8211; 56<\/a>\r\n            <\/h3>\r\n        <div class=\"date-without-thumb\">25. April 2020<\/div> \r\n        <p>Tag 43 &#8211; Patta unterwegs Patta von der m\u00e4nnlichen A-Jugend war mit demFahrrad ungef\u00e4hr eine Stunde unterwegs und fuhr von Wiblingen nach Staig. Da es warm war, kamen sogar ein paar Schwei\u00dftropfen auf seine Stirn. Tag 43 &#8211; Handball forever mit den Eisingers Seht hier das Video dazu: Tag 44 &#8211; Vierbeinige Handballfreundin Sie hei\u00dft [&hellip;]<\/p>\n<br\/><br\/><a class=\"read-more\" href=\"https:\/\/www.handball-ulm.de\/?p=3601\"> Mehr lesen...<\/a>        <\/div>    \r\n    <\/div>\r\n<\/article>\r\n<article class=\"post\">\r\n    <div class=\"post-3532 post type-post status-publish format-standard has-post-thumbnail hentry category-aus-dem-sg-leben-19-20 category-spielgemeinschaft\"  id=\"post-3532\">\r\n      \r\n    <figure>\r\n        <a href=\"https:\/\/www.handball-ulm.de\/?p=3532\">\r\n            <img loading=\"lazy\" decoding=\"async\" width=\"220\" height=\"153\" src=\"https:\/\/www.handball-ulm.de\/wp-content\/uploads\/2020\/04\/index-1.jpg\" class=\"attachment-sporty-blog-image size-sporty-blog-image wp-post-image\" alt=\"\" \/>        <\/a>\r\n    <\/figure>\r\n            <div class=\"postbox\">  \r\n            <h3>\r\n                <a href=\"https:\/\/www.handball-ulm.de\/?p=3532\">Handball-Online-Kongre\u00df<\/a>\r\n            <\/h3>\r\n        <div class=\"date-without-thumb\">22. April 2020<\/div> \r\n        <p>Wir nutzen die freie Zeit und den Handball-Online-Kongre\u00df. Danke an die Moderatoren und den Organisatoren Markus Eickelmann und Axel Sierau. Egal, ob Rolf Brack, Maria Grimberg, Dominik Klein oder J\u00f6rg L\u00fctzelberger. Wir k\u00f6nnen viel lernen und haben aktuell die Zeit dazu.<\/p>\n<br\/><br\/><a class=\"read-more\" href=\"https:\/\/www.handball-ulm.de\/?p=3532\"> Mehr lesen...<\/a>        <\/div>    \r\n    <\/div>\r\n<\/article>\r\n<article class=\"post\">\r\n    <div class=\"post-3449 post type-post status-publish format-standard has-post-thumbnail hentry category-allgemein category-aus-dem-sg-leben-19-20 category-spielgemeinschaft category-startseite\"  id=\"post-3449\">\r\n      \r\n    <figure>\r\n        <a href=\"https:\/\/www.handball-ulm.de\/?p=3449\">\r\n            <img loading=\"lazy\" decoding=\"async\" width=\"341\" height=\"247\" src=\"https:\/\/www.handball-ulm.de\/wp-content\/uploads\/2020\/04\/2_Merle_Moment-3.jpg\" class=\"attachment-sporty-blog-image size-sporty-blog-image wp-post-image\" alt=\"\" srcset=\"https:\/\/www.handball-ulm.de\/wp-content\/uploads\/2020\/04\/2_Merle_Moment-3.jpg 341w, https:\/\/www.handball-ulm.de\/wp-content\/uploads\/2020\/04\/2_Merle_Moment-3-300x217.jpg 300w\" sizes=\"(max-width: 341px) 100vw, 341px\" \/>        <\/a>\r\n    <\/figure>\r\n            <div class=\"postbox\">  \r\n            <h3>\r\n                <a href=\"https:\/\/www.handball-ulm.de\/?p=3449\">Eine Rolle &#8211; 70 Handballer<\/a>\r\n            <\/h3>\r\n        <div class=\"date-without-thumb\">15. April 2020<\/div> \r\n        <p>Wir nehmen die Herausforderung an und legen die Latte ganz hoch. 70 Handballer der SG Ulm &amp; Wiblingen haben sich der Challenge gestellt. Bei uns ist die Rolle immer in der richtigen Spur. Die Sehnsucht brennt, dass wir endlich wieder mit Handb\u00e4llen werfen k\u00f6nnen.<\/p>\n<br\/><br\/><a class=\"read-more\" href=\"https:\/\/www.handball-ulm.de\/?p=3449\"> Mehr lesen...<\/a>        <\/div>    \r\n    <\/div>\r\n<\/article>\r\n<article class=\"post\">\r\n    <div class=\"post-3349 post type-post status-publish format-standard has-post-thumbnail hentry category-allgemein category-aus-dem-sg-leben-19-20 category-spielgemeinschaft category-startseite\"  id=\"post-3349\">\r\n      \r\n    <figure>\r\n        <a href=\"https:\/\/www.handball-ulm.de\/?p=3349\">\r\n            <img loading=\"lazy\" decoding=\"async\" width=\"276\" height=\"376\" src=\"https:\/\/www.handball-ulm.de\/wp-content\/uploads\/2020\/03\/Franzi-ohne-Schuhe_Moment.jpg\" class=\"attachment-sporty-blog-image size-sporty-blog-image wp-post-image\" alt=\"\" srcset=\"https:\/\/www.handball-ulm.de\/wp-content\/uploads\/2020\/03\/Franzi-ohne-Schuhe_Moment.jpg 276w, https:\/\/www.handball-ulm.de\/wp-content\/uploads\/2020\/03\/Franzi-ohne-Schuhe_Moment-220x300.jpg 220w\" sizes=\"(max-width: 276px) 100vw, 276px\" \/>        <\/a>\r\n    <\/figure>\r\n            <div class=\"postbox\">  \r\n            <h3>\r\n                <a href=\"https:\/\/www.handball-ulm.de\/?p=3349\">Wir bleiben fit, weil wir Handball lieben &#8211; Tag 15 &#8211; 28<\/a>\r\n            <\/h3>\r\n        <div class=\"date-without-thumb\">4. April 2020<\/div> \r\n        <p>Tag 15 &#8211; Koordinationsleiter Bianca, Spielerin der weiblichen B-Jugend der SG Ulm Wiblingen demonstriert hier einen winzig kleinen Ausschnitt ihrer Leiterkoordination. Da Bianca auch bei Anni trainiert, kann sie die \u00dcbungen an der Leiter aus dem FF. Koordination ist gut f\u00fcr den Kopf und gut f\u00fcr schnelle Beine. Tag 16 &#8211; Fit zu Hause &#8211; [&hellip;]<\/p>\n<br\/><br\/><a class=\"read-more\" href=\"https:\/\/www.handball-ulm.de\/?p=3349\"> Mehr lesen...<\/a>        <\/div>    \r\n    <\/div>\r\n<\/article>\r\n<article class=\"post\">\r\n    <div class=\"post-3251 post type-post status-publish format-standard has-post-thumbnail hentry category-aktive category-allgemein category-aus-dem-sg-leben-19-20 category-frauen-1 category-frauen-2 category-gemischt-d1 category-gemischt-d2 category-gemischt-e-ulm category-gemischt-e-wiblingen category-gemischt-f-ulm category-gemischt-f-wiblingen category-jugend category-maenner-1 category-maenner-2 category-maennlich-a category-maennlich-b1 category-maennlich-c category-miniminis-weststadt category-minis-weststadt-1 category-minis-wiblingen category-spielgemeinschaft category-startseite category-weiblich-a category-weiblich-b category-weiblich-c category-weiblich-d category-weiblich-e\"  id=\"post-3251\">\r\n      \r\n    <figure>\r\n        <a href=\"https:\/\/www.handball-ulm.de\/?p=3251\">\r\n            <img loading=\"lazy\" decoding=\"async\" width=\"400\" height=\"365\" src=\"https:\/\/www.handball-ulm.de\/wp-content\/uploads\/2020\/03\/Screenshot-235-1.png\" class=\"attachment-sporty-blog-image size-sporty-blog-image wp-post-image\" alt=\"\" srcset=\"https:\/\/www.handball-ulm.de\/wp-content\/uploads\/2020\/03\/Screenshot-235-1.png 400w, https:\/\/www.handball-ulm.de\/wp-content\/uploads\/2020\/03\/Screenshot-235-1-300x274.png 300w\" sizes=\"(max-width: 400px) 100vw, 400px\" \/>        <\/a>\r\n    <\/figure>\r\n            <div class=\"postbox\">  \r\n            <h3>\r\n                <a href=\"https:\/\/www.handball-ulm.de\/?p=3251\">Wir blicken nach vorn!<\/a>\r\n            <\/h3>\r\n        <div class=\"date-without-thumb\">21. M\u00e4rz 2020<\/div> \r\n        <p>Neue Trainingszeiten der SG<\/p>\n<br\/><br\/><a class=\"read-more\" href=\"https:\/\/www.handball-ulm.de\/?p=3251\"> Mehr lesen...<\/a>        <\/div>    \r\n    <\/div>\r\n<\/article>\r\n<article class=\"post\">\r\n    <div class=\"post-3346 post type-post status-publish format-standard has-post-thumbnail hentry category-aus-dem-sg-leben-19-20 category-spielgemeinschaft category-startseite\"  id=\"post-3346\">\r\n      \r\n    <figure>\r\n        <a href=\"https:\/\/www.handball-ulm.de\/?p=3346\">\r\n            <img loading=\"lazy\" decoding=\"async\" width=\"826\" height=\"428\" src=\"https:\/\/www.handball-ulm.de\/wp-content\/uploads\/2020\/03\/Screenshot-203-826x428.png\" class=\"attachment-sporty-blog-image size-sporty-blog-image wp-post-image\" alt=\"\" \/>        <\/a>\r\n    <\/figure>\r\n            <div class=\"postbox\">  \r\n            <h3>\r\n                <a href=\"https:\/\/www.handball-ulm.de\/?p=3346\">Wir bleiben fit, weil wir Handball lieben &#8211; Die ersten 14 Tage<\/a>\r\n            <\/h3>\r\n        <div class=\"date-without-thumb\">15. M\u00e4rz 2020<\/div> \r\n        <p>Tag 1 &#8211; Wir bleiben fit, weil wir Handball lieben Schon am 1. Tag der aufgezwungenen Handballpause h\u00e4lt es die M\u00e4dchen der weiblichen D-Jugend der SG Ulm &amp; Wiblingen schon nicht mehr im Sessel. Sie wollen sich bewegen. Nat\u00fcrlich brav allein oder maximal zu zweit versuchen sie, sich ein wenig fit zu halten. Hoffen wir, [&hellip;]<\/p>\n<br\/><br\/><a class=\"read-more\" href=\"https:\/\/www.handball-ulm.de\/?p=3346\"> Mehr lesen...<\/a>        <\/div>    \r\n    <\/div>\r\n<\/article>\r\n<article class=\"post\">\r\n    <div class=\"post-3139 post type-post status-publish format-standard has-post-thumbnail hentry category-allgemein category-aus-dem-sg-leben-19-20 category-spielgemeinschaft category-startseite\"  id=\"post-3139\">\r\n      \r\n    <figure>\r\n        <a href=\"https:\/\/www.handball-ulm.de\/?p=3139\">\r\n            <img loading=\"lazy\" decoding=\"async\" width=\"496\" height=\"415\" src=\"https:\/\/www.handball-ulm.de\/wp-content\/uploads\/2020\/03\/Screenshot-233.png\" class=\"attachment-sporty-blog-image size-sporty-blog-image wp-post-image\" alt=\"\" srcset=\"https:\/\/www.handball-ulm.de\/wp-content\/uploads\/2020\/03\/Screenshot-233.png 496w, https:\/\/www.handball-ulm.de\/wp-content\/uploads\/2020\/03\/Screenshot-233-300x251.png 300w\" sizes=\"(max-width: 496px) 100vw, 496px\" \/>        <\/a>\r\n    <\/figure>\r\n            <div class=\"postbox\">  \r\n            <h3>\r\n                <a href=\"https:\/\/www.handball-ulm.de\/?p=3139\">Trainingsbetrieb eingestellt<\/a>\r\n            <\/h3>\r\n        <div class=\"date-without-thumb\">13. M\u00e4rz 2020<\/div> \r\n        <p>Mit sofortiger Wirkung m\u00fcssen wir bis auf Weiteres den Trainingsbetrieb der SG Ulm &amp; Wiblingen einstellen.\ud83d\ude10 Wir w\u00fcnschen Euch und uns allen, dass wir und unsere Familien und Freunde gesund bleiben.\u2764\ud83d\udc90 Es ist nicht die letzte unliebsame, aber notwendige Entscheidung, die wir treffen m\u00fcssen. Es wird weitergehen.\ud83d\udcaa\ud83c\udffc\ud83e\udd3e\ud83c\udffc\u200d\u2640\ud83e\udd3e\ud83c\udffc\u200d\u2642\ud83e\udd3e\ud83c\udffc\u200d\u2640\ud83e\udd3e\ud83c\udffc\u200d\u2642 Sammelt Eure Kr\u00e4fte und passt sch\u00f6n auf Euch [&hellip;]<\/p>\n<br\/><br\/><a class=\"read-more\" href=\"https:\/\/www.handball-ulm.de\/?p=3139\"> Mehr lesen...<\/a>        <\/div>    \r\n    <\/div>\r\n<\/article>\r\n<!-- VIEW ALL BUTTON -->\r\n<div class=\"blogpager\">\r\n    <div class=\"previous\">\r\n        <a href=\"https:\/\/www.handball-ulm.de\/?cat=66\">Alle<\/a>\r\n    <\/div>\r\n<\/div>\r\n\n","protected":false},"excerpt":{"rendered":"<br\/><br\/><a class=\"read-more\" href=\"https:\/\/www.handball-ulm.de\/?p=3139\"> Mehr lesen...<\/a>","protected":false},"author":1,"featured_media":0,"parent":0,"menu_order":0,"comment_status":"closed","ping_status":"closed","template":"","meta":{"ngg_post_thumbnail":0,"footnotes":""},"_links":{"self":[{"href":"https:\/\/www.handball-ulm.de\/index.php?rest_route=\/wp\/v2\/pages\/3752"}],"collection":[{"href":"https:\/\/www.handball-ulm.de\/index.php?rest_route=\/wp\/v2\/pages"}],"about":[{"href":"https:\/\/www.handball-ulm.de\/index.php?rest_route=\/wp\/v2\/types\/page"}],"author":[{"embeddable":true,"href":"https:\/\/www.handball-ulm.de\/index.php?rest_route=\/wp\/v2\/users\/1"}],"replies":[{"embeddable":true,"href":"https:\/\/www.handball-ulm.de\/index.php?rest_route=%2Fwp%2Fv2%2Fcomments&post=3752"}],"version-history":[{"count":3,"href":"https:\/\/www.handball-ulm.de\/index.php?rest_route=\/wp\/v2\/pages\/3752\/revisions"}],"predecessor-version":[{"id":4185,"href":"https:\/\/www.handball-ulm.de\/index.php?rest_route=\/wp\/v2\/pages\/3752\/revisions\/4185"}],"wp:attachment":[{"href":"https:\/\/www.handball-ulm.de\/index.php?rest_route=%2Fwp%2Fv2%2Fmedia&parent=3752"}],"curies":[{"name":"wp","href":"https:\/\/api.w.org\/{rel}","templated":true}]}}