{"id":2513,"date":"2020-02-08T20:55:03","date_gmt":"2020-02-08T19:55:03","guid":{"rendered":"https:\/\/www.handball-ulm.de\/?page_id=2513"},"modified":"2020-02-09T12:23:50","modified_gmt":"2020-02-09T11:23:50","slug":"lundaspelen-2018","status":"publish","type":"page","link":"https:\/\/www.handball-ulm.de\/?page_id=2513","title":{"rendered":"Lundaspelen 2018"},"content":{"rendered":"\n<figure class=\"wp-block-image size-large\"><img loading=\"lazy\" decoding=\"async\" width=\"224\" height=\"224\" src=\"https:\/\/www.handball-ulm.de\/wp-content\/uploads\/2020\/02\/2018_Lundaspelen.jpg\" alt=\"\" class=\"wp-image-2555\" srcset=\"https:\/\/www.handball-ulm.de\/wp-content\/uploads\/2020\/02\/2018_Lundaspelen.jpg 224w, https:\/\/www.handball-ulm.de\/wp-content\/uploads\/2020\/02\/2018_Lundaspelen-150x150.jpg 150w\" sizes=\"(max-width: 224px) 100vw, 224px\" \/><\/figure>\n\n\n\n<p><strong>Die\nLundaspelen Chroniken 2018<\/strong><strong><\/strong><\/p>\n\n\n\n<p>Anreise und 1. Spieltag<\/p>\n\n\n\n<p>Liebes Tagebuch,&nbsp;&nbsp;&nbsp;&nbsp;&nbsp;&nbsp;&nbsp;&nbsp;&nbsp;&nbsp;&nbsp;&nbsp;&nbsp;&nbsp;&nbsp;&nbsp;&nbsp;&nbsp;&nbsp;&nbsp;&nbsp;&nbsp;&nbsp;&nbsp;&nbsp;&nbsp;&nbsp;&nbsp;&nbsp;&nbsp;&nbsp;&nbsp;&nbsp;&nbsp;&nbsp;&nbsp;&nbsp;&nbsp;&nbsp;&nbsp;&nbsp;&nbsp;&nbsp;&nbsp;&nbsp;&nbsp;&nbsp;&nbsp;&nbsp;&nbsp;&nbsp;&nbsp;&nbsp;&nbsp;&nbsp;&nbsp;&nbsp;&nbsp;&nbsp;&nbsp;&nbsp;&nbsp;&nbsp;&nbsp;&nbsp;&nbsp;&nbsp;&nbsp;&nbsp;&nbsp;&nbsp;&nbsp;&nbsp;&nbsp;&nbsp;&nbsp;&nbsp;&nbsp; <\/p>\n\n\n\n<p><br>\ndie Fahrt war entspannt, die Stimmung war stimmig. <\/p>\n\n\n\n<figure class=\"wp-block-image size-large\"><img loading=\"lazy\" decoding=\"async\" width=\"1024\" height=\"683\" src=\"https:\/\/www.handball-ulm.de\/wp-content\/uploads\/2020\/02\/2018_Lundaspelen1-1024x683.jpg\" alt=\"\" class=\"wp-image-2557\" srcset=\"https:\/\/www.handball-ulm.de\/wp-content\/uploads\/2020\/02\/2018_Lundaspelen1-1024x683.jpg 1024w, https:\/\/www.handball-ulm.de\/wp-content\/uploads\/2020\/02\/2018_Lundaspelen1-300x200.jpg 300w, https:\/\/www.handball-ulm.de\/wp-content\/uploads\/2020\/02\/2018_Lundaspelen1-768x512.jpg 768w, https:\/\/www.handball-ulm.de\/wp-content\/uploads\/2020\/02\/2018_Lundaspelen1-600x400.jpg 600w, https:\/\/www.handball-ulm.de\/wp-content\/uploads\/2020\/02\/2018_Lundaspelen1-1170x780.jpg 1170w, https:\/\/www.handball-ulm.de\/wp-content\/uploads\/2020\/02\/2018_Lundaspelen1.jpg 1296w\" sizes=\"(max-width: 1024px) 100vw, 1024px\" \/><\/figure>\n\n\n\n<p><\/p>\n\n\n\n<p>Wir fuhren 18 Stunden, jedoch hatten diese sich deutlich k\u00fcrzer angef\u00fchlt, da die Vorfreude gro\u00df war. Wir wurden dieses Jahr in der mB tatkr\u00e4ftig von Berke und Benjamin unterst\u00fctzt und waren sehr dankbar daf\u00fcr.\u00a0<br> Die Schule, in der wir untergebracht wurden, ist sch\u00f6n und sauber. Leider haben wir nicht so viel Platz. Doch alle Probleme wurden schnell beseitigt durch nette und kompetente Betreuer. Die Er\u00f6ffnungsfeier war entsprechend gut, konnte jedoch leider nicht mit der vom letzten Mal mithalten.<\/p>\n\n\n\n<figure class=\"wp-block-image size-large\"><img loading=\"lazy\" decoding=\"async\" width=\"1008\" height=\"567\" src=\"https:\/\/www.handball-ulm.de\/wp-content\/uploads\/2020\/02\/2018_Lundaspelen2.jpg\" alt=\"\" class=\"wp-image-2558\" srcset=\"https:\/\/www.handball-ulm.de\/wp-content\/uploads\/2020\/02\/2018_Lundaspelen2.jpg 1008w, https:\/\/www.handball-ulm.de\/wp-content\/uploads\/2020\/02\/2018_Lundaspelen2-300x169.jpg 300w, https:\/\/www.handball-ulm.de\/wp-content\/uploads\/2020\/02\/2018_Lundaspelen2-768x432.jpg 768w\" sizes=\"(max-width: 1008px) 100vw, 1008px\" \/><\/figure>\n\n\n\n<p><br> Der erste Spieltag begann f\u00fcr die weibliche A-Jugend sehr fr\u00fch, da sie ihr erstes Spiel sehr weit weg hatten. Eine Niederlage und ein Unentschieden war das Ergebnis. Die mB, gC und gD starteten sp\u00e4ter und teilten sich nach dem Mittagessen auf.\u00a0<br> Die C -Jugend hatte das Gl\u00fcck, den Tag mit Ralf zu verbringen. Mit Hilfe von Alex \u00fcbernahm er das Coaching. Bereits nach wenigen Stunden, waren die SpielerInnen von Ralf getriggert und andersrum. Am Ende des 1. Spieltags wurden au\u00dferdem von Ralf bereits 200.000 Liegest\u00fctzen verordnet. Leider wurden beide Spiele verloren, aber wir waren die Gewinner der Herzen dank der Verst\u00e4rkung unserer M\u00e4dels aus der weiblichen C -Jugend. Super, dass die mB abends noch Sprudel f\u00fcr alle mit einem Spritzer Zitrone gebracht hat.\u00a0<br> Die mobile Physiopraxis im Zimmer der M\u00e4dchen und weiblichen Betreuer war schon am ersten Abend hei\u00df begehrt. Danke Andrea.\u00a0<br> &#8222;Ralf, aussteigen!&#8220;, ist bereits jetzt der RunningGag, den wir wohl bis zur Heimreise noch \u00f6fter h\u00f6ren. Au\u00dferdem wird Wire bald die Welt beherrschen.&#8220;<\/p>\n\n\n\n<p>-Alle-<\/p>\n\n\n\n<figure class=\"wp-block-image size-large\"><img loading=\"lazy\" decoding=\"async\" width=\"1008\" height=\"567\" src=\"https:\/\/www.handball-ulm.de\/wp-content\/uploads\/2020\/02\/2018_Lundaspelen3..jpg\" alt=\"\" class=\"wp-image-2559\" srcset=\"https:\/\/www.handball-ulm.de\/wp-content\/uploads\/2020\/02\/2018_Lundaspelen3..jpg 1008w, https:\/\/www.handball-ulm.de\/wp-content\/uploads\/2020\/02\/2018_Lundaspelen3.-300x169.jpg 300w, https:\/\/www.handball-ulm.de\/wp-content\/uploads\/2020\/02\/2018_Lundaspelen3.-768x432.jpg 768w\" sizes=\"(max-width: 1008px) 100vw, 1008px\" \/><\/figure>\n\n\n\n<p><strong>Sichtweise der\n\u201eKleinsten\u201c <\/strong><\/p>\n\n\n\n<p>Am 25.12.2018 fuhren wir abends in Wiblingen \/ TPH mit dem\nReisebus nach Lund in Schweden.<\/p>\n\n\n\n<p>Wir fuhren 18 Stunden lang und haben vier Pausen gemacht. Als\nerstes zwei kleine um 23 Uhr und um 1:30 Uhr, dann eine Pause um 6:30 Uhr und\ndie letzte Pause um 12 Uhr. Sie ging eine Stunde lang. Wir haben viel Quatsch\ngemacht &#8211; vor allem auf dem Klo. Auf einem Spielplatz neben dem Laden sind wir\nSeilbahn gefahren. R. hat versucht, der Seilbahn hinterherzurennen, ist aber\ngescheitert. Y. hat es auch versucht, ist aber gleich beim ersten Mal\nhingeflogen.<\/p>\n\n\n\n<p>Als wir an der Schule ankamen, in der wir vier N\u00e4chte\n\u00fcbernachteten, haben wir unsere Taschen ausger\u00e4umt. Jede Mannschaft hat ein\nKlassenzimmer bekommen. Als wir alles hergerichtet hatten, sind wir mit dem\nStadtbus zur Er\u00f6ffnungsfeier gefahren.<\/p>\n\n\n\n<p>Am n\u00e4chsten Tag mussten wir schon um 8 Uhr aufstehen. Alle\nKinder sind aufgestanden au\u00dfer die drei G\u00fcnzburger &#8211; die waren im Flugmodus.<\/p>\n\n\n\n<p>Nach dem Fr\u00fchst\u00fccken sind wir zum Spiel der B-Jugend gefahren.\nWir haben gesehen, wie sie gekonnt verloren haben. Nach dem Spiel sind wir zum\nMittagsessen gegangen. Wir hatten sehr viel Zeit bis zu unserem Spiel um 19:45\nUhr. Nur der Weg bis zur Halle war sehr weit. Deswegen mussten wir in der Arena\nAbendessen, welches das Organisationsteam uns bereitgestellt hat. Es gab Salat\nNr. 14 \u2013 Tomate \/ Fleisch \/ Nudeln \u2013 oder waren es Nudeln \/ Tomate \/ Karotten <em>(Anm.\nd. Red.)<\/em>?<\/p>\n\n\n\n<p>Nach dem Abendessen sind wir endlich mit dem Bus zur Halle\ngefahren. Von der Bushaltestelle mussten wir zur Alva \u2013 Laval &#8211; Halle laufen.\nAuf dem Weg dahin haben wir an Essen gedacht. Wir haben gegen Lugi &#8211; Lund gespielt\nund gegen D\u00e4nen. Weil die so gut waren, haben wir gekonnt verloren. Wir haben\nauch gegen Lugi gek\u00e4mpft und trotzdem verloren.<\/p>\n\n\n\n<p>Danach hatten wir sehr viel Hunger, aber wir Ottos hatten kein\nEssen dabei au\u00dfer die zwei M\u00e4dchen. Sie hatten \u00c4pfel, aber nur f\u00fcr sich nicht\nf\u00fcr die Ottos. Wie sind um 23:00 Uhr an der Schule angekommen.<\/p>\n\n\n\n<p>-gD-<\/p>\n\n\n\n<figure class=\"wp-block-image size-large\"><img loading=\"lazy\" decoding=\"async\" width=\"722\" height=\"808\" src=\"https:\/\/www.handball-ulm.de\/wp-content\/uploads\/2020\/02\/2018_Lundaspelen5.jpg\" alt=\"\" class=\"wp-image-2560\" srcset=\"https:\/\/www.handball-ulm.de\/wp-content\/uploads\/2020\/02\/2018_Lundaspelen5.jpg 722w, https:\/\/www.handball-ulm.de\/wp-content\/uploads\/2020\/02\/2018_Lundaspelen5-268x300.jpg 268w\" sizes=\"(max-width: 722px) 100vw, 722px\" \/><\/figure>\n\n\n\n<p>2. Spieltag<\/p>\n\n\n\n<p>Liebes Tagebuch,&nbsp; <br>\n<br>\nDie wA &#8211; Jugend hatte die einzigartige M\u00f6glichkeit in der Sp\u00e5rbanken Arena\ngegen die &#8222;krass&#8220;- gr\u00fcnen D\u00e4nen und flinken W\u00fcrmchen zu siegen.\nLeider wurde diese M\u00f6glichkeit gekonnt ausgelassen. Gegen die zahlreichen Konter,\ndie die Gegner provokant pr\u00e4zise &amp; perfekt ablieferten, konnte auch die\ndynamisch d\u00e4monische D. nichts ausrichten. Da Pfostenhandball in Schweden noch\nnicht anerkannt ist, blieben unsere zahlreichen &#8222;Treffer&#8220; auf das\nAluminium unbelohnt und wir verlie\u00dfen die Arena Punkt los. Dank des tosenden\nApplauses der zahlreichen Zuschauer, welche lediglich f\u00fcr uns anreisten und uns\ntatkr\u00e4ftig unterst\u00fctzten, konnten wir erhobenen Hauptes die Dusche betreten.\nWie mein Vater immer sagte: &#8222;Ist der Teamzusammenhalt geschaffen, hat man\nimmer was zu lachen.&#8220;&nbsp;<br>\nBeim Mittagessen wurden einige Missst\u00e4nde aufgedeckt. Unsere allseits beliebten\nEssiggurken versteckten sich in der Remoulade und der &#8222;Fisch&#8220;\nschmeckte komischerweise wie das panierte H\u00fchnchen vom Vortag.&nbsp;<br>\nDurch zahlreiche, unfreiwillige Spazierg\u00e4nge, angef\u00fchrt von Coach Andi, lernten\nwir das St\u00e4dtchen Lund von seiner prachtvollsten Seite kennen.&nbsp;<br>\nPS: Gr\u00fc\u00dfe gehen raus an alle, die uns den weiten Weg erm\u00f6glicht haben. Danke\nf\u00fcr euren Support.<\/p>\n\n\n\n<p>-wA-<\/p>\n\n\n\n<figure class=\"wp-block-image size-large\"><img loading=\"lazy\" decoding=\"async\" width=\"1024\" height=\"683\" src=\"https:\/\/www.handball-ulm.de\/wp-content\/uploads\/2020\/02\/2018_Lundaspelen3-1024x683.jpg\" alt=\"\" class=\"wp-image-2561\" srcset=\"https:\/\/www.handball-ulm.de\/wp-content\/uploads\/2020\/02\/2018_Lundaspelen3-1024x683.jpg 1024w, https:\/\/www.handball-ulm.de\/wp-content\/uploads\/2020\/02\/2018_Lundaspelen3-300x200.jpg 300w, https:\/\/www.handball-ulm.de\/wp-content\/uploads\/2020\/02\/2018_Lundaspelen3-768x512.jpg 768w, https:\/\/www.handball-ulm.de\/wp-content\/uploads\/2020\/02\/2018_Lundaspelen3-600x400.jpg 600w, https:\/\/www.handball-ulm.de\/wp-content\/uploads\/2020\/02\/2018_Lundaspelen3-1170x780.jpg 1170w, https:\/\/www.handball-ulm.de\/wp-content\/uploads\/2020\/02\/2018_Lundaspelen3.jpg 1296w\" sizes=\"(max-width: 1024px) 100vw, 1024px\" \/><\/figure>\n\n\n\n<p><strong>Sichtweise der\n\u201eKleinsten\u201c <\/strong><\/p>\n\n\n\n<p>Wir haben gefr\u00fchst\u00fcckt um 8:15 Uhr. Danach packten wir unsere\nSporttaschen und liefen zur Bushaltestelle. Nach einigen Haltestellen sind wir\nin der Arena angekommen und sahen viele Spiele der Elitemannschaften. Danach\nsind wir zum Abendessen gefahren. Es gab Hotdogs, die W\u00fcrstchen waren\nungew\u00f6hnlich weich. Aber es war okay, denn Lund hat sich viel M\u00fche mit dem\nEssen gegeben f\u00fcr so viele Spieler.<\/p>\n\n\n\n<p>-gD-<\/p>\n\n\n\n<p>Sehr geehrtes Tagebuch,&nbsp;<br>\n<br>\nHeute war unser zweiter Spieltag. Unsere M\u00e4dels haben schon abgeliefert, nun\nsind wir gefragt. Die Stimmung war bei uns allen sehr angespannt, da wir gleich\ngegen die vermeintlich \u201ebrutalen\u201c Serben spielen mussten. Im Spiel aber hat\nsich das dann nicht gezeigt <em>(Anm. der Red.: sah aber sehr gef\u00e4hrlich\naus!)<\/em>, wir hatten lange\nZeit das Zepter in der Hand. Das Spiel war legend\u00e4r, so konnte man die Spannung\nbis nach Deutschland sp\u00fcren. Dieses Spiel wird in die Geschichtsb\u00fccher unserer\nSG eingehen. Das wussten wir von Anfang an. Die letzte Minute l\u00e4uft, unsere\nSpanier Sergio geht noch einmal auf Tauchstation, leider hat er seine Taucher\nBrille vergessen, so geriet er unkontrolliert in die rote Serbische Wand. Die\nLage eskalierte, er wurde von den Serben angegangen. Unsere hervorragender\nKreisspieler Patrick hat eine hervorragende Rettungstat vollbracht und Sergio\nkam unverletzt aus dem Kampf. Das Resultat: der Serbe bekam Blau und unsere\nBoys sind motivierter wie noch nie zuvor <em>(Anm. der Red.:\nAdrenalin im Blut hilft zu gewinnen)<\/em>.<br>\nWir beobachteten unsere Gegner aus Ringsted, die sich&nbsp;gegen M\u00e4lmo einen\nharten Kampf lieferten. Dann ging es wieder f\u00fcr uns los. Wir w\u00e4rmten uns normal\nmit Kardio usw. auf, als wir dann bei unserer wichtigsten \u00dcbung gest\u00f6rt wurden\n&#8211; dem Richtungswechsel. Die T\u00fcr im Foyer ging auf, es flog ein Silvesterb\u00f6ller\nmit Lichteffekte auf uns zu. Alle erschraken sich &#8211; sogar Berke. Er sprang auf\nden R\u00fccken von Niklas und war schnell wie noch nie. Alle waren heilfroh, diesen\nbrutalen Anschlag \u00fcberlebt zu haben. In der Zwischenzeit gewann Ringsted gegen\nden Tabellenf\u00fchrer. Wir wussten also, sie sind motiviert um zu gewinnen. Im\nSpiel hat uns die wA wie auch gegen die Serben \u201elautkr\u00e4ftig\u201c unterst\u00fctzt, was\nuns sehr half. Ringsted probierte es mit einem Kreisel, doch sie kamen mit\nunserer sehr offensiven Abwehrspielweise nicht klar. Unser Fl\u00fcgelspieler\nJonathan war in dem Spiel \u201eon fire\u201c. Sein Gegenspieler konnte sich keinen Meter\nbewegen. Jonathan hatte ihn fest. Es schien so, als ob er genervt von Jonathan\nwar, doch er tat weiter und weiter. Das Spiel gewannen wir mit 11:10 und die\nganze Mannschaft tanzte am Ende im Kreis. Respekt an unsere Jungs daf\u00fcr. sie\nvertraten unsere SG in Lund mit Emotion und Willensst\u00e4rke, so dass sie noch mit\n2 Punkten belohnt wurde.<\/p>\n\n\n\n<p>&nbsp;-mB-<\/p>\n\n\n\n<p>3. Spieltag \/ Playoff<\/p>\n\n\n\n<figure class=\"wp-block-image size-large\"><img loading=\"lazy\" decoding=\"async\" width=\"1024\" height=\"683\" src=\"https:\/\/www.handball-ulm.de\/wp-content\/uploads\/2020\/02\/2018_Lundaspelen4-1024x683.jpg\" alt=\"\" class=\"wp-image-2562\" srcset=\"https:\/\/www.handball-ulm.de\/wp-content\/uploads\/2020\/02\/2018_Lundaspelen4-1024x683.jpg 1024w, https:\/\/www.handball-ulm.de\/wp-content\/uploads\/2020\/02\/2018_Lundaspelen4-300x200.jpg 300w, https:\/\/www.handball-ulm.de\/wp-content\/uploads\/2020\/02\/2018_Lundaspelen4-768x512.jpg 768w, https:\/\/www.handball-ulm.de\/wp-content\/uploads\/2020\/02\/2018_Lundaspelen4-600x400.jpg 600w, https:\/\/www.handball-ulm.de\/wp-content\/uploads\/2020\/02\/2018_Lundaspelen4-1170x780.jpg 1170w, https:\/\/www.handball-ulm.de\/wp-content\/uploads\/2020\/02\/2018_Lundaspelen4.jpg 1296w\" sizes=\"(max-width: 1024px) 100vw, 1024px\" \/><\/figure>\n\n\n\n<p>Liebes Tagebuch,&nbsp;&nbsp;<\/p>\n\n\n\n<p><br>\nheute gewinnen wir mal! Mit diesem Motto startete die wA &#8211; Jugend in den\nheutigen Tag.&nbsp;<br>\nBeim Fr\u00fchst\u00fcck profitierten wir bereits von der netten Art unserer schwedischen\nGastgeber, welche uns auch nach Ablauf der Essenszeit freundlich bedienten.\nNachdem wir uns alle ausreichend gest\u00e4rkt hatten, marschierten wir tatkr\u00e4ftig\nzur n\u00e4chsten Bushaltestelle. Die Wege sind ehrlich gesagt immer recht lang.<br>\nDank unseres ambitionierten Andi hatten wir die gesamten Spielzeiten \u00fcber immer\nden perfekten zeitlichen \u00dcberblick.&nbsp;<br>\nUnsere frisch gek\u00fcrte Passfinderin und Safety &#8211; Guard Maya half ebenfalls\ndabei, unbeschadet zu den Spielorten und wieder zur\u00fcck zur Schule zu gelangen.<br>\nIn der Halle angekommen, stellte wir fest, dass die rote Farbe der Trikots\nunserer schwedischen Gegner mal so \u00fcberhaupt nicht zu unseren lilafarbenen\nTrikots passte. Ebenso wenig passte unsere Leistung zu dem anfangs erwarteten\nErgebnis.&nbsp;<br>\nDie positive Seite unseres fr\u00fchzeitigen Ausscheidens war, dass wir noch rechtzeitig\nzum Mittagessen erscheinen konnten. Hier wurden dank fehlender Essig-\noder&nbsp;Gew\u00fcrzgurken noch zahlreiche Insider ausgetauscht. Genaueres kann aus\nDatenschutzgr\u00fcnden an dieser Stelle nicht genannt werden.&nbsp;<br>\nDabei gilt es hervorzuheben, dass wir als einzige Mannschaft jedes Essen und an\ndrei verschiedenen Schulen genie\u00dfen konnten. Auch waren wir, wie wir dank des\nMarsches zur Bushaltestelle bemerkten, immer die schnellste Mannschaft, wenn es\num&#8217;s Essen oder die Ankunft in Hallen ging <em>(Anm. der Red.: f\u00fcr\nverschobene Sichtweisen wird keine Haftung \u00fcbernommen).&nbsp;<\/em><br>\nZahlreiche Kardio &#8211; Einheiten gab es also immer &#8211; auch bei neuen Tanz &#8211; Moves\noder dem Aufw\u00e4rmprogramm der mB. Am Abend gab es f\u00fcr uns noch ein\nFrauen-Bundesliga und die Halbfinalspiele der wA. Der Verein konnte hierbei\nalso doch noch &#8222;unseren&#8220; Sieg feiern und wir hatten alle viel Spa\u00df\nbeim anfeuern und dem sp\u00e4teren gem\u00fctlichen Ausklang des gemeinsamen Abends.&nbsp;<br>\nAbschlie\u00dfend l\u00e4sst sich sagen: Die Zeit hier in Lund war wie unsere Johanna:\nEin Killer!<\/p>\n\n\n\n<figure class=\"wp-block-image size-large\"><img loading=\"lazy\" decoding=\"async\" width=\"1024\" height=\"768\" src=\"https:\/\/www.handball-ulm.de\/wp-content\/uploads\/2020\/02\/IMG-20181229-WA0007-1024x768.jpg\" alt=\"\" class=\"wp-image-2564\" srcset=\"https:\/\/www.handball-ulm.de\/wp-content\/uploads\/2020\/02\/IMG-20181229-WA0007-1024x768.jpg 1024w, https:\/\/www.handball-ulm.de\/wp-content\/uploads\/2020\/02\/IMG-20181229-WA0007-300x225.jpg 300w, https:\/\/www.handball-ulm.de\/wp-content\/uploads\/2020\/02\/IMG-20181229-WA0007-768x576.jpg 768w, https:\/\/www.handball-ulm.de\/wp-content\/uploads\/2020\/02\/IMG-20181229-WA0007-1536x1152.jpg 1536w, https:\/\/www.handball-ulm.de\/wp-content\/uploads\/2020\/02\/IMG-20181229-WA0007-1170x878.jpg 1170w, https:\/\/www.handball-ulm.de\/wp-content\/uploads\/2020\/02\/IMG-20181229-WA0007.jpg 1600w\" sizes=\"(max-width: 1024px) 100vw, 1024px\" \/><\/figure>\n\n\n\n<p>-wA-<\/p>\n\n\n\n<p><em>An dieser Stelle\nentschuldigen wir uns f\u00fcr das Fehlen weiterer Berichte der anderen Mannschaften\n\u2013 wegen \u00dcberm\u00fcdung konnte der Stift nicht mehr zu Papier gebracht werden.<\/em><\/p>\n\n\n\n<p>Neue Steigerungsformen:<\/p>\n\n\n\n<ol><li>Form: wir m\u00fcssen\nraus &#8211; einstimmig, <\/li><li>Form: wir m\u00fcssen\nraus &#8211; Kanon, <\/li><li>Form: wir m\u00fcssen\nraus Ralf -Kanon, <\/li><li>Form: sag mal Ralf\nwir m\u00fcssen raus -Solo Ralf<\/li><\/ol>\n\n\n\n<p><strong>Deutsch \/ Spanisch<\/strong><\/p>\n\n\n\n<p>Spanische Spielerinnen und SG\u00b4ler gemeinsam im Bus. Sergio\n\u00fcbersetzt:<\/p>\n\n\n\n<p>\u201edas ist ja wie auf Mallorca \u2013 die Deutschen sind schon da, nur\ndas Bier fehlt\u201c. Auf die Frage der Spielerinnen an den Trainer wo sie\naussteigen m\u00fcssen, antwortet dieser: \u201efolgt immer den Deutschen\u201c.<\/p>\n\n\n\n<figure class=\"wp-block-image size-large\"><img loading=\"lazy\" decoding=\"async\" width=\"1024\" height=\"768\" src=\"https:\/\/www.handball-ulm.de\/wp-content\/uploads\/2020\/02\/IMG-20181227-WA0022-1024x768.jpg\" alt=\"\" class=\"wp-image-2565\" srcset=\"https:\/\/www.handball-ulm.de\/wp-content\/uploads\/2020\/02\/IMG-20181227-WA0022-1024x768.jpg 1024w, https:\/\/www.handball-ulm.de\/wp-content\/uploads\/2020\/02\/IMG-20181227-WA0022-300x225.jpg 300w, https:\/\/www.handball-ulm.de\/wp-content\/uploads\/2020\/02\/IMG-20181227-WA0022-768x576.jpg 768w, https:\/\/www.handball-ulm.de\/wp-content\/uploads\/2020\/02\/IMG-20181227-WA0022-1536x1152.jpg 1536w, https:\/\/www.handball-ulm.de\/wp-content\/uploads\/2020\/02\/IMG-20181227-WA0022-1170x878.jpg 1170w, https:\/\/www.handball-ulm.de\/wp-content\/uploads\/2020\/02\/IMG-20181227-WA0022.jpg 1600w\" sizes=\"(max-width: 1024px) 100vw, 1024px\" \/><\/figure>\n\n\n\n<p><strong>Sichtweisen des\nOrgateams:<\/strong><\/p>\n\n\n\n<ul><li>10 Tonnen Pasta\nSalat durch das Lunder Umland geschleppt&nbsp;<\/li><li>Wichtigste Rufnummer:\nFood Hotline<\/li><li>Jetzt beherrschen\nwir den Busfahrplan auswendig<\/li><li>K\u00f6nnen nun auch als\nCityguide in Lund arbeiten<\/li><li>Sch\u00f6pfer der\nKn\u00e4ckebrot Eskalation auf der Heimfahrt<\/li><li>Gibt\u2019s noch Brot?<\/li><li>72 ist die magische\nZahl \u2013 zahllose durchgef\u00fchrte Z\u00e4hlungen <\/li><\/ul>\n\n\n\n<figure class=\"wp-block-image size-large\"><img loading=\"lazy\" decoding=\"async\" width=\"576\" height=\"1024\" src=\"https:\/\/www.handball-ulm.de\/wp-content\/uploads\/2020\/02\/IMG-20181229-WA0010-576x1024.jpg\" alt=\"\" class=\"wp-image-2563\" srcset=\"https:\/\/www.handball-ulm.de\/wp-content\/uploads\/2020\/02\/IMG-20181229-WA0010-576x1024.jpg 576w, https:\/\/www.handball-ulm.de\/wp-content\/uploads\/2020\/02\/IMG-20181229-WA0010-169x300.jpg 169w, https:\/\/www.handball-ulm.de\/wp-content\/uploads\/2020\/02\/IMG-20181229-WA0010-768x1365.jpg 768w, https:\/\/www.handball-ulm.de\/wp-content\/uploads\/2020\/02\/IMG-20181229-WA0010-864x1536.jpg 864w, https:\/\/www.handball-ulm.de\/wp-content\/uploads\/2020\/02\/IMG-20181229-WA0010.jpg 900w\" sizes=\"(max-width: 576px) 100vw, 576px\" \/><\/figure>\n\n\n\n<p><strong>Eckdaten\nLundaspelen \/ Schweden<\/strong><\/p>\n\n\n\n<p>Lundaspelen ist das weltgr\u00f6\u00dfte Jugend Handballturnier mit\nj\u00e4hrlicher Ausrichtung seit 40 Jahren. 2018 wurden in vier Spieltagen \u00fcber 2000\nSpiele ausgetragen. Die Teilnehmer kamen aus Honkong, Serbien, Indien, Spanien,\nDeutschland, Norwegen, D\u00e4nemark, Russland, Schweden, Niederlande, Polen,\nFinnland, Tschechische Republik, Kroatien, Belgien und \u00d6sterreich mit \u00fcber 7000\nTeilnehmern angereist.<\/p>\n\n\n\n<p>Meist sind es die Auswahlmannschaften der L\u00e4nder. Denen\ngegen\u00fcber haben sich die Spieler der SG Ulm &amp; Wiblingen tapfer geschlagen.\nWir nahmen mit 52 aktiven Spielern daran teil (gemischte D-, gemischte C-,\nm\u00e4nnliche B-, weibliche A-Jugend). Unterst\u00fctzt wurden die Spieler von Ihren\nTrainern, einer Physiotherapeutin und Eltern. Herzlichen Dank f\u00fcr euer\nEngagement. Die Unterbringung und Verpflegung erfolgte in Schulen \u2013 sehr gute\nOrganisation. Wir kamen vollz\u00e4hlig, unverletzt, m\u00fcde und zufrieden zur\u00fcck \u2013 mit\nmemories for life im Gep\u00e4ck.<\/p>\n\n\n\n<p>Dank gilt auch unseren Reisepaten, Sponsoren und flei\u00dfigen Spendern:<\/p>\n\n\n\n<p>Gerhard Pf\u00e4nder \u2013 Platin<\/p>\n\n\n\n<p>Anonym \u2013 Gold<\/p>\n\n\n\n<p>Andreas Bodschwinna &#8211; Platin <\/p>\n\n\n\n<p>Frauen 2 &#8211; Platin<\/p>\n\n\n\n<p>Helmut D\u00f6rfler \u2013 Platin<\/p>\n\n\n\n<p>Fa. Terramenta \u2013 f\u00fcr Reiseproviant Fruchtgummi kiloweise<\/p>\n\n\n\n<p>F\u00f6Ve<\/p>\n\n\n\n<p>Sportkreis Alb-Donau<\/p>\n\n\n\n<p>Helmut D\u00f6rfler \u2013 danke f\u00fcr die Grillw\u00fcrstchen<\/p>\n\n\n\n<p>Allen helfenden Eltern f\u00fcr die Unterst\u00fctzung der vielen Aktionen\nmit Waffelteigspenden etc.<\/p>\n\n\n\n<p>Lund 2020 \u2013 wir werden wieder dabei sein<\/p>\n\n\n\n<figure class=\"wp-block-image size-large\"><img loading=\"lazy\" decoding=\"async\" width=\"1024\" height=\"576\" src=\"https:\/\/www.handball-ulm.de\/wp-content\/uploads\/2020\/02\/IMG-20181223-WA0001-1024x576.jpg\" alt=\"\" class=\"wp-image-2566\" srcset=\"https:\/\/www.handball-ulm.de\/wp-content\/uploads\/2020\/02\/IMG-20181223-WA0001-1024x576.jpg 1024w, https:\/\/www.handball-ulm.de\/wp-content\/uploads\/2020\/02\/IMG-20181223-WA0001-300x169.jpg 300w, https:\/\/www.handball-ulm.de\/wp-content\/uploads\/2020\/02\/IMG-20181223-WA0001-768x432.jpg 768w, https:\/\/www.handball-ulm.de\/wp-content\/uploads\/2020\/02\/IMG-20181223-WA0001-1536x864.jpg 1536w, https:\/\/www.handball-ulm.de\/wp-content\/uploads\/2020\/02\/IMG-20181223-WA0001-1170x658.jpg 1170w, https:\/\/www.handball-ulm.de\/wp-content\/uploads\/2020\/02\/IMG-20181223-WA0001.jpg 1600w\" sizes=\"(max-width: 1024px) 100vw, 1024px\" \/><\/figure>\n","protected":false},"excerpt":{"rendered":"<p>Die Lundaspelen Chroniken 2018 Anreise und 1. Spieltag Liebes Tagebuch,&nbsp;&nbsp;&nbsp;&nbsp;&nbsp;&nbsp;&nbsp;&nbsp;&nbsp;&nbsp;&nbsp;&nbsp;&nbsp;&nbsp;&nbsp;&nbsp;&nbsp;&nbsp;&nbsp;&nbsp;&nbsp;&nbsp;&nbsp;&nbsp;&nbsp;&nbsp;&nbsp;&nbsp;&nbsp;&nbsp;&nbsp;&nbsp;&nbsp;&nbsp;&nbsp;&nbsp;&nbsp;&nbsp;&nbsp;&nbsp;&nbsp;&nbsp;&nbsp;&nbsp;&nbsp;&nbsp;&nbsp;&nbsp;&nbsp;&nbsp;&nbsp;&nbsp;&nbsp;&nbsp;&nbsp;&nbsp;&nbsp;&nbsp;&nbsp;&nbsp;&nbsp;&nbsp;&nbsp;&nbsp;&nbsp;&nbsp;&nbsp;&nbsp;&nbsp;&nbsp;&nbsp;&nbsp;&nbsp;&nbsp;&nbsp;&nbsp;&nbsp;&nbsp; die Fahrt war entspannt, die Stimmung war stimmig. Wir fuhren 18 Stunden, jedoch hatten diese sich deutlich k\u00fcrzer angef\u00fchlt, da die Vorfreude gro\u00df war. Wir wurden dieses Jahr in der mB tatkr\u00e4ftig von Berke und Benjamin unterst\u00fctzt und waren sehr dankbar daf\u00fcr.\u00a0 Die Schule, in [&hellip;]<\/p>\n<br\/><br\/><a class=\"read-more\" href=\"https:\/\/www.handball-ulm.de\/?page_id=2513\"> Mehr lesen...<\/a>","protected":false},"author":1,"featured_media":0,"parent":0,"menu_order":0,"comment_status":"closed","ping_status":"closed","template":"","meta":{"ngg_post_thumbnail":0,"footnotes":""},"_links":{"self":[{"href":"https:\/\/www.handball-ulm.de\/index.php?rest_route=\/wp\/v2\/pages\/2513"}],"collection":[{"href":"https:\/\/www.handball-ulm.de\/index.php?rest_route=\/wp\/v2\/pages"}],"about":[{"href":"https:\/\/www.handball-ulm.de\/index.php?rest_route=\/wp\/v2\/types\/page"}],"author":[{"embeddable":true,"href":"https:\/\/www.handball-ulm.de\/index.php?rest_route=\/wp\/v2\/users\/1"}],"replies":[{"embeddable":true,"href":"https:\/\/www.handball-ulm.de\/index.php?rest_route=%2Fwp%2Fv2%2Fcomments&post=2513"}],"version-history":[{"count":2,"href":"https:\/\/www.handball-ulm.de\/index.php?rest_route=\/wp\/v2\/pages\/2513\/revisions"}],"predecessor-version":[{"id":2567,"href":"https:\/\/www.handball-ulm.de\/index.php?rest_route=\/wp\/v2\/pages\/2513\/revisions\/2567"}],"wp:attachment":[{"href":"https:\/\/www.handball-ulm.de\/index.php?rest_route=%2Fwp%2Fv2%2Fmedia&parent=2513"}],"curies":[{"name":"wp","href":"https:\/\/api.w.org\/{rel}","templated":true}]}}