{"id":2488,"date":"2020-02-08T20:34:45","date_gmt":"2020-02-08T19:34:45","guid":{"rendered":"https:\/\/www.handball-ulm.de\/?page_id=2488"},"modified":"2023-07-21T16:56:02","modified_gmt":"2023-07-21T14:56:02","slug":"ssv-gaenswiesturnier","status":"publish","type":"page","link":"https:\/\/www.handball-ulm.de\/?page_id=2488","title":{"rendered":"G\u00e4nswiescup 2019"},"content":{"rendered":"\n<figure class=\"wp-block-image size-large\"><img loading=\"lazy\" decoding=\"async\" width=\"1024\" height=\"683\" src=\"https:\/\/www.handball-ulm.de\/wp-content\/uploads\/2020\/06\/2019_07_20_Schw\u00f6rsporttag4-1024x683.jpg\" alt=\"\" class=\"wp-image-3931\" srcset=\"https:\/\/www.handball-ulm.de\/wp-content\/uploads\/2020\/06\/2019_07_20_Schw\u00f6rsporttag4-1024x683.jpg 1024w, https:\/\/www.handball-ulm.de\/wp-content\/uploads\/2020\/06\/2019_07_20_Schw\u00f6rsporttag4-300x200.jpg 300w, https:\/\/www.handball-ulm.de\/wp-content\/uploads\/2020\/06\/2019_07_20_Schw\u00f6rsporttag4-768x512.jpg 768w, https:\/\/www.handball-ulm.de\/wp-content\/uploads\/2020\/06\/2019_07_20_Schw\u00f6rsporttag4-600x400.jpg 600w, https:\/\/www.handball-ulm.de\/wp-content\/uploads\/2020\/06\/2019_07_20_Schw\u00f6rsporttag4-1536x1024.jpg 1536w, https:\/\/www.handball-ulm.de\/wp-content\/uploads\/2020\/06\/2019_07_20_Schw\u00f6rsporttag4-2048x1365.jpg 2048w, https:\/\/www.handball-ulm.de\/wp-content\/uploads\/2020\/06\/2019_07_20_Schw\u00f6rsporttag4-1170x780.jpg 1170w\" sizes=\"(max-width: 1024px) 100vw, 1024px\" \/><\/figure>\n\n\n\n<p><strong>SSV\nSchw\u00f6rsporttag bei den Handballern<\/strong><\/p>\n\n\n\n<p>Genial\nist die Idee des SSV 1846, das Schw\u00f6rwochenende mit einem Sportevent zu\nbeginnen. <\/p>\n\n\n\n<p>Da\nd\u00fcrfen nat\u00fcrlich die &#8222;Handballer&#8220; nicht fehlen. Wie auch im letzten\nJahr gab es vom Hauptverein Laufzettel, auf denen angestrichen wurde, bei\nwelchen Sportarten die Besitzer sich ausprobiert haben. Bei den Handballern\nging es klassischerweise um das Tor und den Ball. Diese Utensilien reichen aus,\num rundherum tolle Aufgaben erledigen zu k\u00f6nnen und die Sportart\nauszuprobieren. Neben unserer Handballstation richteten wir dieses Jahr auch\nein Freundschafts Handball Turnier mit G\u00e4sten aus V\u00f6hringen, Laupheim, Stra\u00df\nund Burlafingen aus. Angefangen bei den Minis bis zu der A-Jugend spielten alle\nunsere Mannschaften. Wie man h\u00f6rte, hatten die &#8222;Heimmannschaften&#8220; als\nauch die Gegner viel Spa\u00df und das auch nach dem Pfiff an den Stationen der\nanderen Abteilungen. Die kulinarische Versorgung wurde ebenfalls gelobt.<\/p>\n\n\n\n<p>F\u00fcr\nuns Handballer war es ein toller Sommerabschluss mit Vorfreude auf unsere bald\nbeginnende Saison.<\/p>\n\n\n\n<p>Dinah Reitz<\/p>\n\n\n\n<figure class=\"wp-block-gallery columns-3 is-cropped wp-block-gallery-1 is-layout-flex wp-block-gallery-is-layout-flex\"><ul class=\"blocks-gallery-grid\"><li class=\"blocks-gallery-item\"><figure><img loading=\"lazy\" decoding=\"async\" width=\"1024\" height=\"683\" src=\"https:\/\/www.handball-ulm.de\/wp-content\/uploads\/2020\/06\/2019_07_20_Schw\u00f6rsporttag-1024x683.jpg\" alt=\"\" data-id=\"3932\" data-full-url=\"https:\/\/www.handball-ulm.de\/wp-content\/uploads\/2020\/06\/2019_07_20_Schw\u00f6rsporttag-scaled.jpg\" data-link=\"https:\/\/www.handball-ulm.de\/?attachment_id=3932\" class=\"wp-image-3932\" srcset=\"https:\/\/www.handball-ulm.de\/wp-content\/uploads\/2020\/06\/2019_07_20_Schw\u00f6rsporttag-1024x683.jpg 1024w, https:\/\/www.handball-ulm.de\/wp-content\/uploads\/2020\/06\/2019_07_20_Schw\u00f6rsporttag-300x200.jpg 300w, https:\/\/www.handball-ulm.de\/wp-content\/uploads\/2020\/06\/2019_07_20_Schw\u00f6rsporttag-768x512.jpg 768w, https:\/\/www.handball-ulm.de\/wp-content\/uploads\/2020\/06\/2019_07_20_Schw\u00f6rsporttag-600x400.jpg 600w, https:\/\/www.handball-ulm.de\/wp-content\/uploads\/2020\/06\/2019_07_20_Schw\u00f6rsporttag-1536x1024.jpg 1536w, https:\/\/www.handball-ulm.de\/wp-content\/uploads\/2020\/06\/2019_07_20_Schw\u00f6rsporttag-2048x1365.jpg 2048w, https:\/\/www.handball-ulm.de\/wp-content\/uploads\/2020\/06\/2019_07_20_Schw\u00f6rsporttag-1170x780.jpg 1170w\" sizes=\"(max-width: 1024px) 100vw, 1024px\" \/><\/figure><\/li><li class=\"blocks-gallery-item\"><figure><img loading=\"lazy\" decoding=\"async\" width=\"1024\" height=\"683\" src=\"https:\/\/www.handball-ulm.de\/wp-content\/uploads\/2020\/06\/2019_07_20_Schw\u00f6rsporttag2-1024x683.jpg\" alt=\"\" data-id=\"3933\" data-full-url=\"https:\/\/www.handball-ulm.de\/wp-content\/uploads\/2020\/06\/2019_07_20_Schw\u00f6rsporttag2-scaled.jpg\" data-link=\"https:\/\/www.handball-ulm.de\/?attachment_id=3933\" class=\"wp-image-3933\" srcset=\"https:\/\/www.handball-ulm.de\/wp-content\/uploads\/2020\/06\/2019_07_20_Schw\u00f6rsporttag2-1024x683.jpg 1024w, https:\/\/www.handball-ulm.de\/wp-content\/uploads\/2020\/06\/2019_07_20_Schw\u00f6rsporttag2-300x200.jpg 300w, https:\/\/www.handball-ulm.de\/wp-content\/uploads\/2020\/06\/2019_07_20_Schw\u00f6rsporttag2-768x512.jpg 768w, https:\/\/www.handball-ulm.de\/wp-content\/uploads\/2020\/06\/2019_07_20_Schw\u00f6rsporttag2-600x400.jpg 600w, https:\/\/www.handball-ulm.de\/wp-content\/uploads\/2020\/06\/2019_07_20_Schw\u00f6rsporttag2-1536x1024.jpg 1536w, https:\/\/www.handball-ulm.de\/wp-content\/uploads\/2020\/06\/2019_07_20_Schw\u00f6rsporttag2-2048x1365.jpg 2048w, https:\/\/www.handball-ulm.de\/wp-content\/uploads\/2020\/06\/2019_07_20_Schw\u00f6rsporttag2-1170x780.jpg 1170w\" sizes=\"(max-width: 1024px) 100vw, 1024px\" \/><\/figure><\/li><li class=\"blocks-gallery-item\"><figure><img loading=\"lazy\" decoding=\"async\" width=\"1024\" height=\"752\" src=\"https:\/\/www.handball-ulm.de\/wp-content\/uploads\/2020\/06\/2019_07_20_Schw\u00f6rsporttag3-1024x752.jpg\" alt=\"\" data-id=\"3934\" data-full-url=\"https:\/\/www.handball-ulm.de\/wp-content\/uploads\/2020\/06\/2019_07_20_Schw\u00f6rsporttag3.jpg\" data-link=\"https:\/\/www.handball-ulm.de\/?attachment_id=3934\" class=\"wp-image-3934\" srcset=\"https:\/\/www.handball-ulm.de\/wp-content\/uploads\/2020\/06\/2019_07_20_Schw\u00f6rsporttag3-1024x752.jpg 1024w, https:\/\/www.handball-ulm.de\/wp-content\/uploads\/2020\/06\/2019_07_20_Schw\u00f6rsporttag3-300x220.jpg 300w, https:\/\/www.handball-ulm.de\/wp-content\/uploads\/2020\/06\/2019_07_20_Schw\u00f6rsporttag3-768x564.jpg 768w, https:\/\/www.handball-ulm.de\/wp-content\/uploads\/2020\/06\/2019_07_20_Schw\u00f6rsporttag3-1536x1129.jpg 1536w, https:\/\/www.handball-ulm.de\/wp-content\/uploads\/2020\/06\/2019_07_20_Schw\u00f6rsporttag3-2048x1505.jpg 2048w, https:\/\/www.handball-ulm.de\/wp-content\/uploads\/2020\/06\/2019_07_20_Schw\u00f6rsporttag3-1170x860.jpg 1170w\" sizes=\"(max-width: 1024px) 100vw, 1024px\" \/><\/figure><\/li><\/ul><\/figure>\n","protected":false},"excerpt":{"rendered":"<p>SSV Schw\u00f6rsporttag bei den Handballern Genial ist die Idee des SSV 1846, das Schw\u00f6rwochenende mit einem Sportevent zu beginnen. Da d\u00fcrfen nat\u00fcrlich die &#8222;Handballer&#8220; nicht fehlen. Wie auch im letzten Jahr gab es vom Hauptverein Laufzettel, auf denen angestrichen wurde, bei welchen Sportarten die Besitzer sich ausprobiert haben. Bei den Handballern ging es klassischerweise um [&hellip;]<\/p>\n<br\/><br\/><a class=\"read-more\" href=\"https:\/\/www.handball-ulm.de\/?page_id=2488\"> Mehr lesen...<\/a>","protected":false},"author":1,"featured_media":3936,"parent":0,"menu_order":0,"comment_status":"closed","ping_status":"closed","template":"","meta":{"ngg_post_thumbnail":0,"footnotes":""},"_links":{"self":[{"href":"https:\/\/www.handball-ulm.de\/index.php?rest_route=\/wp\/v2\/pages\/2488"}],"collection":[{"href":"https:\/\/www.handball-ulm.de\/index.php?rest_route=\/wp\/v2\/pages"}],"about":[{"href":"https:\/\/www.handball-ulm.de\/index.php?rest_route=\/wp\/v2\/types\/page"}],"author":[{"embeddable":true,"href":"https:\/\/www.handball-ulm.de\/index.php?rest_route=\/wp\/v2\/users\/1"}],"replies":[{"embeddable":true,"href":"https:\/\/www.handball-ulm.de\/index.php?rest_route=%2Fwp%2Fv2%2Fcomments&post=2488"}],"version-history":[{"count":7,"href":"https:\/\/www.handball-ulm.de\/index.php?rest_route=\/wp\/v2\/pages\/2488\/revisions"}],"predecessor-version":[{"id":13229,"href":"https:\/\/www.handball-ulm.de\/index.php?rest_route=\/wp\/v2\/pages\/2488\/revisions\/13229"}],"wp:featuredmedia":[{"embeddable":true,"href":"https:\/\/www.handball-ulm.de\/index.php?rest_route=\/wp\/v2\/media\/3936"}],"wp:attachment":[{"href":"https:\/\/www.handball-ulm.de\/index.php?rest_route=%2Fwp%2Fv2%2Fmedia&parent=2488"}],"curies":[{"name":"wp","href":"https:\/\/api.w.org\/{rel}","templated":true}]}}