{"id":18582,"date":"2025-05-18T22:12:32","date_gmt":"2025-05-18T20:12:32","guid":{"rendered":"https:\/\/www.handball-ulm.de\/?page_id=18582"},"modified":"2025-05-18T22:12:36","modified_gmt":"2025-05-18T20:12:36","slug":"camp-2025","status":"publish","type":"page","link":"https:\/\/www.handball-ulm.de\/?page_id=18582","title":{"rendered":"Camp 2025"},"content":{"rendered":"\n<article class=\"post\">\r\n    <div class=\"post-18769 post type-post status-publish format-standard has-post-thumbnail hentry category-allgemein category-aus-dem-sg-leben-25-26 category-handballcamp-2025 category-startseite\"  id=\"post-18769\">\r\n      \r\n    <figure>\r\n        <a href=\"https:\/\/www.handball-ulm.de\/?p=18769\">\r\n            <img loading=\"lazy\" decoding=\"async\" width=\"964\" height=\"428\" src=\"https:\/\/www.handball-ulm.de\/wp-content\/uploads\/2025\/09\/IMG_20250908_084206-964x428.jpg\" class=\"attachment-sporty-blog-image size-sporty-blog-image wp-post-image\" alt=\"\" \/>        <\/a>\r\n    <\/figure>\r\n            <div class=\"postbox\">  \r\n            <h3>\r\n                <a href=\"https:\/\/www.handball-ulm.de\/?p=18769\">Handballcamp 2025 &#8211; Ein voller Erfolg!<\/a>\r\n            <\/h3>\r\n        <div class=\"date-without-thumb\">14. September 2025<\/div> \r\n        <p>Das Handballcamp 2025 ging am vergangenen Freitag erfolgreich zu Ende. 60 Kinder\/Jugendliche von D- bis F-Jugend nahmen von Mo.-Fr. in der Ballspielhalle (Weststadt) am diesj\u00e4hrigen Handballcamp der SG Ulm &amp; Wiblingen teil. Neben nat\u00fcrlich vielen Trainingseinheiten stand auch der Spa\u00df und das Miteinander an erster Stelle. Das neu zusammengestellte Orga-Team des Handballcamps hatte alle H\u00e4nde [&hellip;]<\/p>\n<br\/><br\/><a class=\"read-more\" href=\"https:\/\/www.handball-ulm.de\/?p=18769\"> Mehr lesen...<\/a>        <\/div>    \r\n    <\/div>\r\n<\/article>\r\n<article class=\"post\">\r\n    <div class=\"post-18603 post type-post status-publish format-standard has-post-thumbnail hentry category-handballcamp-2025 category-startseite\"  id=\"post-18603\">\r\n      \r\n    <figure>\r\n        <a href=\"https:\/\/www.handball-ulm.de\/?p=18603\">\r\n            <img loading=\"lazy\" decoding=\"async\" width=\"654\" height=\"264\" src=\"https:\/\/www.handball-ulm.de\/wp-content\/uploads\/2025\/05\/camp_2025_beitragsbild-e1747599861106.png\" class=\"attachment-sporty-blog-image size-sporty-blog-image wp-post-image\" alt=\"\" srcset=\"https:\/\/www.handball-ulm.de\/wp-content\/uploads\/2025\/05\/camp_2025_beitragsbild-e1747599861106.png 654w, https:\/\/www.handball-ulm.de\/wp-content\/uploads\/2025\/05\/camp_2025_beitragsbild-e1747599861106-300x121.png 300w\" sizes=\"(max-width: 654px) 100vw, 654px\" \/>        <\/a>\r\n    <\/figure>\r\n            <div class=\"postbox\">  \r\n            <h3>\r\n                <a href=\"https:\/\/www.handball-ulm.de\/?p=18603\">Handballcamp 2025 &#8211; Vielen Dank f\u00fcr die zahlreichen Anmeldungen!<\/a>\r\n            <\/h3>\r\n        <div class=\"date-without-thumb\">11. Juni 2025<\/div> \r\n        <p>F\u00fcr E\/F-Jugend ist bereits alles belegt. F\u00fcr die D-Jugend gibt aber noch ein paar freie Pl\u00e4tze. Also f\u00fcr Kurzentschlossene &#8230; jetzt anmelden!<\/p>\n<br\/><br\/><a class=\"read-more\" href=\"https:\/\/www.handball-ulm.de\/?p=18603\"> Mehr lesen...<\/a>        <\/div>    \r\n    <\/div>\r\n<\/article>\r\n<article class=\"post\">\r\n    <div class=\"post-18585 post type-post status-publish format-standard has-post-thumbnail hentry category-handballcamp-2025 category-startseite\"  id=\"post-18585\">\r\n      \r\n    <figure>\r\n        <a href=\"https:\/\/www.handball-ulm.de\/?p=18585\">\r\n            <img loading=\"lazy\" decoding=\"async\" width=\"654\" height=\"264\" src=\"https:\/\/www.handball-ulm.de\/wp-content\/uploads\/2025\/05\/camp_2025_beitragsbild-e1747599861106.png\" class=\"attachment-sporty-blog-image size-sporty-blog-image wp-post-image\" alt=\"\" srcset=\"https:\/\/www.handball-ulm.de\/wp-content\/uploads\/2025\/05\/camp_2025_beitragsbild-e1747599861106.png 654w, https:\/\/www.handball-ulm.de\/wp-content\/uploads\/2025\/05\/camp_2025_beitragsbild-e1747599861106-300x121.png 300w\" sizes=\"(max-width: 654px) 100vw, 654px\" \/>        <\/a>\r\n    <\/figure>\r\n            <div class=\"postbox\">  \r\n            <h3>\r\n                <a href=\"https:\/\/www.handball-ulm.de\/?p=18585\">Handballcamp 2025 &#8211; Jetzt Anmelden!<\/a>\r\n            <\/h3>\r\n        <div class=\"date-without-thumb\">18. Mai 2025<\/div> \r\n        <p>&#8230; nur noch wenige Pl\u00e4tze frei.<\/p>\n<br\/><br\/><a class=\"read-more\" href=\"https:\/\/www.handball-ulm.de\/?p=18585\"> Mehr lesen...<\/a>        <\/div>    \r\n    <\/div>\r\n<\/article>\r\n<!-- VIEW ALL BUTTON -->\r\n<div class=\"blogpager\">\r\n    <div class=\"previous\">\r\n        <a href=\"https:\/\/www.handball-ulm.de\/?cat=96\">Alle<\/a>\r\n    <\/div>\r\n<\/div>\r\n\n","protected":false},"excerpt":{"rendered":"<br\/><br\/><a class=\"read-more\" href=\"https:\/\/www.handball-ulm.de\/?p=18585\"> Mehr lesen...<\/a>","protected":false},"author":1,"featured_media":0,"parent":0,"menu_order":0,"comment_status":"closed","ping_status":"closed","template":"","meta":{"ngg_post_thumbnail":0,"footnotes":""},"_links":{"self":[{"href":"https:\/\/www.handball-ulm.de\/index.php?rest_route=\/wp\/v2\/pages\/18582"}],"collection":[{"href":"https:\/\/www.handball-ulm.de\/index.php?rest_route=\/wp\/v2\/pages"}],"about":[{"href":"https:\/\/www.handball-ulm.de\/index.php?rest_route=\/wp\/v2\/types\/page"}],"author":[{"embeddable":true,"href":"https:\/\/www.handball-ulm.de\/index.php?rest_route=\/wp\/v2\/users\/1"}],"replies":[{"embeddable":true,"href":"https:\/\/www.handball-ulm.de\/index.php?rest_route=%2Fwp%2Fv2%2Fcomments&post=18582"}],"version-history":[{"count":1,"href":"https:\/\/www.handball-ulm.de\/index.php?rest_route=\/wp\/v2\/pages\/18582\/revisions"}],"predecessor-version":[{"id":18584,"href":"https:\/\/www.handball-ulm.de\/index.php?rest_route=\/wp\/v2\/pages\/18582\/revisions\/18584"}],"wp:attachment":[{"href":"https:\/\/www.handball-ulm.de\/index.php?rest_route=%2Fwp%2Fv2%2Fmedia&parent=18582"}],"curies":[{"name":"wp","href":"https:\/\/api.w.org\/{rel}","templated":true}]}}