{"id":1374,"date":"2019-07-15T22:33:28","date_gmt":"2019-07-15T20:33:28","guid":{"rendered":"https:\/\/www.handball-ulm.de\/?page_id=1374"},"modified":"2019-08-03T10:52:29","modified_gmt":"2019-08-03T08:52:29","slug":"2017-2","status":"publish","type":"page","link":"https:\/\/www.handball-ulm.de\/?page_id=1374","title":{"rendered":"Camp 2019"},"content":{"rendered":"\n<p class=\"has-medium-font-size\">Neunzig junge Handballer und neunzig Kilo Obst <\/p>\n\n\n\n<p>Viel los in den\nFaschingsferien in der Ballspielhalle Ulm. <\/p>\n\n\n\n<p>Dort sind in den\nFerien neunzig junge Handballer f\u00fcnf Tage zusammengekommen. <\/p>\n\n\n\n<p>Montag und\nDienstag ging es los f\u00fcr die Gro\u00dfen. Drei\u00dfig C- bis A Jugendliche trainieren zusammen\nmit Stephan Hofmeister (A-Jugend Bundesliga Trainer in G\u00fcnzburg) und den\nTrainern der SG Ulm Angriff und Abwehr im Handball. <\/p>\n\n\n\n<p>Jede Menge Spa\u00df\nwar dabei und besonders die Atmosph\u00e4re in der Halle war super. Danke Stephan\nHofmeister f\u00fcr sein Engagement!<\/p>\n\n\n\n<p>Mittwoch bis\nFreitag trafen sich dann sechzig Kinder bis zur D Jugend und 13 Trainer der SG\nUlm in der Halle. Auch hier stand viel Spa\u00df im Raum und nat\u00fcrlich Handball,\nHandball, Handball. Sch\u00f6n zu sehen, wie Kinder Spa\u00df an der Bewegung und\nmiteinander haben.<\/p>\n\n\n\n<p>Zu erw\u00e4hnen gilt\nim Besonderen die Menge an Obst, die in den f\u00fcnf Tagen verdr\u00fcckt wurde. Angefangen\nbei 20 kg Bananen, 20 kg \u00c4pfel, 15 kg Birnen. Gurken, Paprika und vieles mehr\ngab es extra noch!!<\/p>\n\n\n\n<p>Unser\nKooperationspartner, die AOK Ulm-Biberach kam am Dienstag ins Jugendcamp und\nf\u00fchrte einen Biozoom Test durch und demonstrierte am Donnerstag den Kindern\nspannende Sachen zum Thema Zucker.<\/p>\n\n\n\n<p>Alles in allem\nhatten wir erfolgreiche sch\u00f6ne Tage und freuen uns jetzt schon aufs n\u00e4chste\nJahr!<\/p>\n\n\n\n<p>Danke an alle\nTrainer, dem Weststadthaus f\u00fcr das k\u00f6stliche Essen und unserer AOK!<\/p>\n\n\n\n<figure class=\"wp-block-image\"><img loading=\"lazy\" decoding=\"async\" width=\"980\" height=\"980\" src=\"https:\/\/www.handball-ulm.de\/wp-content\/uploads\/2019\/08\/IMG_20190307_125343_196.jpg\" alt=\"\" class=\"wp-image-1455\" srcset=\"https:\/\/www.handball-ulm.de\/wp-content\/uploads\/2019\/08\/IMG_20190307_125343_196.jpg 980w, https:\/\/www.handball-ulm.de\/wp-content\/uploads\/2019\/08\/IMG_20190307_125343_196-150x150.jpg 150w, https:\/\/www.handball-ulm.de\/wp-content\/uploads\/2019\/08\/IMG_20190307_125343_196-300x300.jpg 300w, https:\/\/www.handball-ulm.de\/wp-content\/uploads\/2019\/08\/IMG_20190307_125343_196-768x768.jpg 768w, https:\/\/www.handball-ulm.de\/wp-content\/uploads\/2019\/08\/IMG_20190307_125343_196-600x600.jpg 600w, https:\/\/www.handball-ulm.de\/wp-content\/uploads\/2019\/08\/IMG_20190307_125343_196-480x480.jpg 480w\" sizes=\"(max-width: 980px) 100vw, 980px\" \/><\/figure>\n","protected":false},"excerpt":{"rendered":"<p>Neunzig junge Handballer und neunzig Kilo Obst Viel los in den Faschingsferien in der Ballspielhalle Ulm. Dort sind in den Ferien neunzig junge Handballer f\u00fcnf Tage zusammengekommen. Montag und Dienstag ging es los f\u00fcr die Gro\u00dfen. Drei\u00dfig C- bis A Jugendliche trainieren zusammen mit Stephan Hofmeister (A-Jugend Bundesliga Trainer in G\u00fcnzburg) und den Trainern der [&hellip;]<\/p>\n<br\/><br\/><a class=\"read-more\" href=\"https:\/\/www.handball-ulm.de\/?page_id=1374\"> Mehr lesen...<\/a>","protected":false},"author":1,"featured_media":1456,"parent":0,"menu_order":0,"comment_status":"closed","ping_status":"closed","template":"","meta":{"ngg_post_thumbnail":0,"footnotes":""},"_links":{"self":[{"href":"https:\/\/www.handball-ulm.de\/index.php?rest_route=\/wp\/v2\/pages\/1374"}],"collection":[{"href":"https:\/\/www.handball-ulm.de\/index.php?rest_route=\/wp\/v2\/pages"}],"about":[{"href":"https:\/\/www.handball-ulm.de\/index.php?rest_route=\/wp\/v2\/types\/page"}],"author":[{"embeddable":true,"href":"https:\/\/www.handball-ulm.de\/index.php?rest_route=\/wp\/v2\/users\/1"}],"replies":[{"embeddable":true,"href":"https:\/\/www.handball-ulm.de\/index.php?rest_route=%2Fwp%2Fv2%2Fcomments&post=1374"}],"version-history":[{"count":7,"href":"https:\/\/www.handball-ulm.de\/index.php?rest_route=\/wp\/v2\/pages\/1374\/revisions"}],"predecessor-version":[{"id":1460,"href":"https:\/\/www.handball-ulm.de\/index.php?rest_route=\/wp\/v2\/pages\/1374\/revisions\/1460"}],"wp:featuredmedia":[{"embeddable":true,"href":"https:\/\/www.handball-ulm.de\/index.php?rest_route=\/wp\/v2\/media\/1456"}],"wp:attachment":[{"href":"https:\/\/www.handball-ulm.de\/index.php?rest_route=%2Fwp%2Fv2%2Fmedia&parent=1374"}],"curies":[{"name":"wp","href":"https:\/\/api.w.org\/{rel}","templated":true}]}}